{"id":16,"date":"2019-09-27T12:29:19","date_gmt":"2019-09-27T10:29:19","guid":{"rendered":"https:\/\/purolatino.es\/?page_id=16"},"modified":"2022-03-14T11:34:13","modified_gmt":"2022-03-14T11:34:13","slug":"noticias","status":"publish","type":"page","link":"https:\/\/purolatino.es\/cadiz\/noticias\/","title":{"rendered":"noticias"},"content":{"rendered":"<div>\n\n\n<div id=\"wk-gridafa\" class=\"wk-grid-width-1-1 wk-grid-width-medium-1-2 wk-grid wk-grid-match wk-text-left \" data-wk-grid-match=\"{target:'> div > .wk-panel', row:true}\" data-wk-grid-margin  data-wk-scrollspy=\"{cls:'wk-animation-fade wk-invisible', target:'> div > .wk-panel', delay:300}\">\n\n\n    <div>\n        <div class=\"wk-panel wk-overlay-hover wk-invisible\">\n\n                        <a class=\"wk-position-cover wk-position-z-index\" href=\"https:\/\/purolatino.es\/cadiz\/hades66-y-cali-el-dandee-se-vienen\/\" title=\"HADES66 Y CALI &amp;amp; EL DANDEE, \u00a1SE VIENEN!\"><\/a>\n            \n            \n                        <div class=\"wk-text-center wk-panel-teaser\"><div class=\"wk-overlay \"><img loading=\"lazy\" decoding=\"async\" src=\"https:\/\/purolatino.es\/cadiz\/wp-content\/uploads\/sites\/10\/2026\/04\/purolatino.jpg\" class=\" wk-overlay-scale\" alt=\"HADES66 Y CALI &amp; EL DANDEE, \u00a1SE VIENEN!\" width=\"1080\" height=\"1080\"><\/div><\/div>\n            \n            \n                        <h3 class=\"wk-h1 wk-margin-top-remove\">\n\n                                    <a class=\"wk-link-reset\" href=\"https:\/\/purolatino.es\/cadiz\/hades66-y-cali-el-dandee-se-vienen\/\">HADES66 Y CALI &amp; EL DANDEE, \u00a1SE VIENEN!<\/a>\n                \n                \n            <\/h3>\n            \n            \n            \n                        <div class=\"wk-margin\">\n<p><strong>Solo han pasado unos d\u00edas tras\u00a0la incorporaci\u00f3n de\u00a0<a href=\"https:\/\/open.spotify.com\/intl-es\/artist\/3E12tRURRvPfHz0hAMCFYc?si=iuE5vN4QRE-lsMQrxYjv1A\" target=\"_blank\" rel=\"noreferrer noopener\">Omar Courtz<\/a>\u00a0y el\u00a0<a href=\"https:\/\/purolatino.es\/cadiz\/\" target=\"_blank\" rel=\"noreferrer noopener\">Puro Latino El Puerto de Santa Mar\u00eda Fest<\/a>\u00a0vuelve a liarla:\u00a0\u00a1<a href=\"https:\/\/open.spotify.com\/intl-es\/artist\/4CQdcx66F116k2db2Y0rjE\" target=\"_blank\" rel=\"noreferrer noopener\">Hades66<\/a>\u00a0y\u00a0<a href=\"https:\/\/open.spotify.com\/intl-es\/artist\/5DUlefCLzVRzNWaNURTFpK?si=JmtAiynxReG_uO6QRykvEg\" target=\"_blank\" rel=\"noreferrer noopener\">Cali &amp; El Dandee<\/a>\u00a0se apuntan tambi\u00e9n!\u00a0\u00a0Esta\u00a0s\u00e9ptima edici\u00f3n\u00a0ser\u00e1 \u00e9pica, con un cartel que incluye a\u00a0<a href=\"https:\/\/donomar.com\/\" target=\"_blank\" rel=\"noreferrer noopener\">Don Omar<\/a>,\u00a0<a href=\"https:\/\/open.spotify.com\/intl-es\/artist\/1ackd5XprZEkH3McKbQD51?si=qIJ3z1puRnCIFYKf0Yk3hA\" target=\"_blank\" rel=\"noreferrer noopener\">Juan Magan<\/a>,\u00a0<a href=\"https:\/\/open.spotify.com\/intl-es\/artist\/2R21vXR83lH98kGeO99Y66?si=6FwvSz7HQr2TexIOYx2aAA\" target=\"_blank\" rel=\"noreferrer noopener\">Anuel AA<\/a>,\u00a0<a href=\"https:\/\/open.spotify.com\/intl-es\/artist\/7iK8PXO48WeuP03g8YR51W?si=vx-PLlJaQu2nyemNY3uW_Q\" target=\"_blank\" rel=\"noreferrer noopener\">Myke Towers<\/a>,\u00a0<a href=\"https:\/\/open.spotify.com\/intl-es\/artist\/12vb80Km0Ew53ABfJOepVz?si=J38EsdQcTkOUrfzLFhc6wA\" target=\"_blank\" rel=\"noreferrer noopener\">\u00d1engo Flow<\/a>,\u00a0<a href=\"https:\/\/open.spotify.com\/intl-es\/artist\/10VBp06W8NIgMW4JruLCC4?si=BAW4ZImJTQWZphiSFQ_37w\" target=\"_blank\" rel=\"noreferrer noopener\">Kidd Voodoo<\/a>,\u00a0<a href=\"https:\/\/open.spotify.com\/intl-es\/artist\/0Yg29FX1M4ayqjXs0ttZFq?si=s3AMAb-sTByQgIO_X3v9Mg\" target=\"_blank\" rel=\"noreferrer noopener\">Young Cister<\/a>,\u00a0<a href=\"https:\/\/open.spotify.com\/intl-es\/artist\/4cYbf45YbZptNISnhay0xH?si=1A1oQ8wdQbWfp-NAi_L5xw\" target=\"_blank\" rel=\"noreferrer noopener\">ROA<\/a>,\u00a0<a href=\"https:\/\/open.spotify.com\/intl-es\/artist\/5I8OAPN5jY1wvHwpnsRRsA?si=Hnnj9l9ITqSXoiMW7C7Akg\" target=\"_blank\" rel=\"noreferrer noopener\">Kybba<\/a>,\u00a0<a href=\"https:\/\/open.spotify.com\/intl-es\/artist\/2O8vbr4RYPpk6MRA4fio7u?si=KWBrUzDvRoebt5bCL28GQA\" target=\"_blank\" rel=\"noreferrer noopener\">SAIKO<\/a>,\u00a0<a href=\"https:\/\/open.spotify.com\/intl-es\/artist\/0FwnPHExlRRxEZPLAi5tmG?si=Fa5G1pB0RQK5FY-W5So6FQ\" target=\"_blank\" rel=\"noreferrer noopener\">JC Reyes<\/a>,\u00a0<a href=\"https:\/\/open.spotify.com\/intl-es\/artist\/7trKViRlVbKr7Yrh9ygHnS?si=L1zCcMMXTzSXU95SF3vx3g\" target=\"_blank\" rel=\"noreferrer noopener\">Jos\u00e9 de las Heras<\/a>\u00a0o\u00a0<a href=\"https:\/\/open.spotify.com\/intl-es\/artist\/7u3vbdqtash5J8vjtX6IcM?si=oOE3cZjaTHqNuqui2x1Q_A\" target=\"_blank\" rel=\"noreferrer noopener\">Alvama Ice<\/a>, \u00a1incre\u00edble!<\/strong><\/p>\n\n\n\n<\/div>\n            \n            \n                        <p><a class=\"wk-button\" href=\"https:\/\/purolatino.es\/cadiz\/hades66-y-cali-el-dandee-se-vienen\/\">Leer m\u00e1s<\/a><\/p>\n            \n            \n        <\/div>\n    <\/div>\n\n\n    <div>\n        <div class=\"wk-panel wk-overlay-hover wk-invisible\">\n\n                        <a class=\"wk-position-cover wk-position-z-index\" href=\"https:\/\/purolatino.es\/cadiz\/confirmacion-por-sorpresa\/\" title=\"\u00a1CONFIRMACI\u00d3N POR SORPRESA!\"><\/a>\n            \n            \n                        <div class=\"wk-text-center wk-panel-teaser\"><div class=\"wk-overlay \"><img loading=\"lazy\" decoding=\"async\" src=\"https:\/\/purolatino.es\/cadiz\/wp-content\/uploads\/sites\/10\/2026\/04\/670555232_18434571553186683_197355397289279340_n.jpg\" class=\" wk-overlay-scale\" alt=\"\u00a1CONFIRMACI\u00d3N POR SORPRESA!\" width=\"1080\" height=\"1080\"><\/div><\/div>\n            \n            \n                        <h3 class=\"wk-h1 wk-margin-top-remove\">\n\n                                    <a class=\"wk-link-reset\" href=\"https:\/\/purolatino.es\/cadiz\/confirmacion-por-sorpresa\/\">\u00a1CONFIRMACI\u00d3N POR SORPRESA!<\/a>\n                \n                \n            <\/h3>\n            \n            \n            \n                        <div class=\"wk-margin\">\n<p><strong>Si pensabas que las sorpresas en\u00a0<a href=\"https:\/\/purolatino.es\/cadiz\/\" target=\"_blank\" rel=\"noreferrer noopener\">Puro Latino El Puerto de Santa Mar\u00eda Fest<\/a>\u00a0hab\u00edan terminado, \u00a1pues no! Hoy se anuncia la incorporaci\u00f3n de\u00a0<a href=\"https:\/\/open.spotify.com\/intl-es\/artist\/3E12tRURRvPfHz0hAMCFYc?si=iuE5vN4QRE-lsMQrxYjv1A\" target=\"_blank\" rel=\"noreferrer noopener\">Omar Courtz<\/a>\u00a0a su s\u00e9ptima edici\u00f3n.<\/strong> <strong>La lista de artistas que iluminar\u00e1n la ciudad gaditana impresiona:\u00a0<a href=\"https:\/\/donomar.com\/\" target=\"_blank\" rel=\"noreferrer noopener\">Don Omar<\/a>,\u00a0<a href=\"https:\/\/open.spotify.com\/intl-es\/artist\/1ackd5XprZEkH3McKbQD51?si=qIJ3z1puRnCIFYKf0Yk3hA\" target=\"_blank\" rel=\"noreferrer noopener\">Juan Magan<\/a>,\u00a0<a href=\"https:\/\/open.spotify.com\/intl-es\/artist\/2R21vXR83lH98kGeO99Y66?si=6FwvSz7HQr2TexIOYx2aAA\" target=\"_blank\" rel=\"noreferrer noopener\">Anuel AA<\/a>,\u00a0<a href=\"https:\/\/open.spotify.com\/intl-es\/artist\/7iK8PXO48WeuP03g8YR51W?si=vx-PLlJaQu2nyemNY3uW_Q\" target=\"_blank\" rel=\"noreferrer noopener\">Myke Towers<\/a>,\u00a0<a href=\"https:\/\/open.spotify.com\/intl-es\/artist\/12vb80Km0Ew53ABfJOepVz?si=J38EsdQcTkOUrfzLFhc6wA\" target=\"_blank\" rel=\"noreferrer noopener\">\u00d1engo Flow<\/a>,\u00a0<a href=\"https:\/\/open.spotify.com\/intl-es\/artist\/10VBp06W8NIgMW4JruLCC4?si=BAW4ZImJTQWZphiSFQ_37w\" target=\"_blank\" rel=\"noreferrer noopener\">Kidd Voodoo<\/a>,\u00a0<a href=\"https:\/\/open.spotify.com\/intl-es\/artist\/0Yg29FX1M4ayqjXs0ttZFq?si=s3AMAb-sTByQgIO_X3v9Mg\" target=\"_blank\" rel=\"noreferrer noopener\">Young Cister<\/a>,\u00a0<a href=\"https:\/\/open.spotify.com\/intl-es\/artist\/4cYbf45YbZptNISnhay0xH?si=1A1oQ8wdQbWfp-NAi_L5xw\" target=\"_blank\" rel=\"noreferrer noopener\">ROA<\/a>,\u00a0<a href=\"https:\/\/open.spotify.com\/intl-es\/artist\/5I8OAPN5jY1wvHwpnsRRsA?si=Hnnj9l9ITqSXoiMW7C7Akg\" target=\"_blank\" rel=\"noreferrer noopener\">Kybba<\/a>,\u00a0<a href=\"https:\/\/open.spotify.com\/intl-es\/artist\/2O8vbr4RYPpk6MRA4fio7u?si=KWBrUzDvRoebt5bCL28GQA\" target=\"_blank\" rel=\"noreferrer noopener\">SAIKO<\/a>,\u00a0<a href=\"https:\/\/open.spotify.com\/intl-es\/artist\/0FwnPHExlRRxEZPLAi5tmG?si=Fa5G1pB0RQK5FY-W5So6FQ\" target=\"_blank\" rel=\"noreferrer noopener\">JC Reyes<\/a>,\u00a0<a href=\"https:\/\/open.spotify.com\/intl-es\/artist\/7trKViRlVbKr7Yrh9ygHnS?si=L1zCcMMXTzSXU95SF3vx3g\" target=\"_blank\" rel=\"noreferrer noopener\">Jos\u00e9 de las Heras<\/a>\u00a0y\u00a0<a href=\"https:\/\/open.spotify.com\/intl-es\/artist\/7u3vbdqtash5J8vjtX6IcM?si=oOE3cZjaTHqNuqui2x1Q_A\" target=\"_blank\" rel=\"noreferrer noopener\">Alvama Ice<\/a>.<\/strong><\/p>\n\n\n\n<\/div>\n            \n            \n                        <p><a class=\"wk-button\" href=\"https:\/\/purolatino.es\/cadiz\/confirmacion-por-sorpresa\/\">Leer m\u00e1s<\/a><\/p>\n            \n            \n        <\/div>\n    <\/div>\n\n\n    <div>\n        <div class=\"wk-panel wk-overlay-hover wk-invisible\">\n\n                        <a class=\"wk-position-cover wk-position-z-index\" href=\"https:\/\/purolatino.es\/cadiz\/el-rey-vuelve-a-su-reinado-don-omar-regresa-a-puro-latino-cadiz\/\" title=\"\u00abEL REY\u00bb VUELVE A SU REINADO: DON OMAR REGRESA A PURO LATINO C\u00c1DIZ\"><\/a>\n            \n            \n                        <div class=\"wk-text-center wk-panel-teaser\"><div class=\"wk-overlay \"><img loading=\"lazy\" decoding=\"async\" src=\"https:\/\/purolatino.es\/cadiz\/wp-content\/uploads\/sites\/10\/2026\/03\/DON-OMAR-PURO-LATINO-PUERTO.jpeg\" class=\" wk-overlay-scale\" alt=\"\u00abEL REY\u00bb VUELVE A SU REINADO: DON OMAR REGRESA A PURO LATINO C\u00c1DIZ\" width=\"1080\" height=\"1080\"><\/div><\/div>\n            \n            \n                        <h3 class=\"wk-h1 wk-margin-top-remove\">\n\n                                    <a class=\"wk-link-reset\" href=\"https:\/\/purolatino.es\/cadiz\/el-rey-vuelve-a-su-reinado-don-omar-regresa-a-puro-latino-cadiz\/\">\u00abEL REY\u00bb VUELVE A SU REINADO: DON OMAR REGRESA A PURO LATINO C\u00c1DIZ<\/a>\n                \n                \n            <\/h3>\n            \n            \n            \n                        <div class=\"wk-margin\">\n<p><strong><a href=\"https:\/\/donomar.com\/\" target=\"_blank\" rel=\"noreferrer noopener\">Don Omar<\/a>\u00a0vuelve a los escenarios espa\u00f1oles y una de sus fechas ser\u00e1 en\u00a0<a href=\"https:\/\/purolatino.es\/cadiz\/\" target=\"_blank\" rel=\"noreferrer noopener\">Puro Latino El Puerto de Santa Mar\u00eda Fest<\/a>, cita a la que regresa siete a\u00f1os despu\u00e9s. \u00a1Un momento hist\u00f3rico!<\/strong><\/p>\n\n\n\n<\/div>\n            \n            \n                        <p><a class=\"wk-button\" href=\"https:\/\/purolatino.es\/cadiz\/el-rey-vuelve-a-su-reinado-don-omar-regresa-a-puro-latino-cadiz\/\">Leer m\u00e1s<\/a><\/p>\n            \n            \n        <\/div>\n    <\/div>\n\n\n    <div>\n        <div class=\"wk-panel wk-overlay-hover wk-invisible\">\n\n                        <a class=\"wk-position-cover wk-position-z-index\" href=\"https:\/\/purolatino.es\/cadiz\/se-viene-un-real-hasta-la-muerte\/\" title=\"SE VIENE UN &amp;#8216;REAL HASTA LA MUERTE&amp;#8217;\"><\/a>\n            \n            \n                        <div class=\"wk-text-center wk-panel-teaser\"><div class=\"wk-overlay \"><img loading=\"lazy\" decoding=\"async\" src=\"https:\/\/purolatino.es\/cadiz\/wp-content\/uploads\/sites\/10\/2026\/03\/anuel-aa-puro-latino-.jpeg\" class=\" wk-overlay-scale\" alt=\"SE VIENE UN &#8216;REAL HASTA LA MUERTE&#8217;\" width=\"1080\" height=\"1080\"><\/div><\/div>\n            \n            \n                        <h3 class=\"wk-h1 wk-margin-top-remove\">\n\n                                    <a class=\"wk-link-reset\" href=\"https:\/\/purolatino.es\/cadiz\/se-viene-un-real-hasta-la-muerte\/\">SE VIENE UN &#8216;REAL HASTA LA MUERTE&#8217;<\/a>\n                \n                \n            <\/h3>\n            \n            \n            \n                        <div class=\"wk-margin\">\n<p>\u00a1Aqu\u00ed no se para! Si el viernes se anunciaba al chileno\u00a0<a href=\"https:\/\/open.spotify.com\/intl-es\/artist\/0Yg29FX1M4ayqjXs0ttZFq?si=s3AMAb-sTByQgIO_X3v9Mg\" target=\"_blank\" rel=\"noreferrer noopener\">Young Cister<\/a>\u00a0para\u00a0el\u00a0s\u00e9ptimo\u00a0<a href=\"https:\/\/purolatino.es\/cadiz\/\" target=\"_blank\" rel=\"noreferrer noopener\">Puro Latino El Puerto de Santa Mar\u00eda Fest<\/a>, hoy\u00a0nos llega otra confirmaci\u00f3n\u00a0de lujo: \u00a1el &#8216;real hasta la muerte&#8217;\u00a0<a href=\"https:\/\/open.spotify.com\/intl-es\/artist\/2R21vXR83lH98kGeO99Y66?si=6FwvSz7HQr2TexIOYx2aAA\" target=\"_blank\" rel=\"noreferrer noopener\">Anuel AA<\/a>\u00a0tampoco se perder\u00e1 la cita! Del 23 al 25 de julio no hay mejor raz\u00f3n para disfrutar\u00a0el verano en la hermosa ciudad gaditana:\u00a0<a href=\"https:\/\/purolatino.es\/\" target=\"_blank\" rel=\"noreferrer noopener\">Puro Latino Fest<\/a>\u00a0ya contaba en su cartel con estrellas como\u00a0<a href=\"https:\/\/open.spotify.com\/intl-es\/artist\/7iK8PXO48WeuP03g8YR51W?si=vx-PLlJaQu2nyemNY3uW_Q\" target=\"_blank\" rel=\"noreferrer noopener\">Myke Towers<\/a>,\u00a0<a href=\"https:\/\/open.spotify.com\/intl-es\/artist\/12vb80Km0Ew53ABfJOepVz?si=J38EsdQcTkOUrfzLFhc6wA\" target=\"_blank\" rel=\"noreferrer noopener\">\u00d1engo Flow<\/a>,\u00a0<a href=\"https:\/\/open.spotify.com\/intl-es\/artist\/10VBp06W8NIgMW4JruLCC4?si=BAW4ZImJTQWZphiSFQ_37w\" target=\"_blank\" rel=\"noreferrer noopener\">Kidd Voodoo<\/a>,\u00a0<a href=\"https:\/\/open.spotify.com\/intl-es\/artist\/2O8vbr4RYPpk6MRA4fio7u?si=KWBrUzDvRoebt5bCL28GQA\" target=\"_blank\" rel=\"noreferrer noopener\">SAIKO<\/a>\u00a0o\u00a0<a href=\"https:\/\/open.spotify.com\/intl-es\/artist\/0FwnPHExlRRxEZPLAi5tmG?si=Fa5G1pB0RQK5FY-W5So6FQ\" target=\"_blank\" rel=\"noreferrer noopener\">JC Reyes<\/a>.<\/p>\n\n\n\n<\/div>\n            \n            \n                        <p><a class=\"wk-button\" href=\"https:\/\/purolatino.es\/cadiz\/se-viene-un-real-hasta-la-muerte\/\">Leer m\u00e1s<\/a><\/p>\n            \n            \n        <\/div>\n    <\/div>\n\n\n    <div>\n        <div class=\"wk-panel wk-overlay-hover wk-invisible\">\n\n                        <a class=\"wk-position-cover wk-position-z-index\" href=\"https:\/\/purolatino.es\/cadiz\/young-cister-se-viene-a-el-puerto\/\" title=\"\u00a1YOUNG CISTER SE VIENE A\u00a0EL PUERTO!\"><\/a>\n            \n            \n                        <div class=\"wk-text-center wk-panel-teaser\"><div class=\"wk-overlay \"><img loading=\"lazy\" decoding=\"async\" src=\"https:\/\/purolatino.es\/cadiz\/wp-content\/uploads\/sites\/10\/2026\/02\/young-cister-puro-latinos-cadiz.jpg\" class=\" wk-overlay-scale\" alt=\"\u00a1YOUNG CISTER SE VIENE A\u00a0EL PUERTO!\" width=\"1080\" height=\"1080\"><\/div><\/div>\n            \n            \n                        <h3 class=\"wk-h1 wk-margin-top-remove\">\n\n                                    <a class=\"wk-link-reset\" href=\"https:\/\/purolatino.es\/cadiz\/young-cister-se-viene-a-el-puerto\/\">\u00a1YOUNG CISTER SE VIENE A\u00a0EL PUERTO!<\/a>\n                \n                \n            <\/h3>\n            \n            \n            \n                        <div class=\"wk-margin\">\n<p><strong>Desde\u00a0<a href=\"https:\/\/purolatino.es\/cadiz\/\" target=\"_blank\" rel=\"noreferrer noopener\">Puro Latino El Puerto de Santa Mar\u00eda Fest<\/a>\u00a0nos llega hoy un nuevo anuncio: el chileno\u00a0<a href=\"https:\/\/open.spotify.com\/intl-es\/artist\/0Yg29FX1M4ayqjXs0ttZFq?si=s3AMAb-sTByQgIO_X3v9Mg\" target=\"_blank\" rel=\"noreferrer noopener\">Young Cister<\/a>\u00a0tambi\u00e9n estar\u00e1 presente en su pr\u00f3xima edici\u00f3n, la s\u00e9ptima de este festival.<\/strong> <strong>Desde el 23 hasta el 25 de julio,\u00a0la cita con\u00a0el\u00a0<a href=\"https:\/\/purolatino.es\/\" target=\"_blank\" rel=\"noreferrer noopener\">Puro Latino Fest<\/a>\u00a0nos propone el disfrute con artistas de primera l\u00ednea:\u00a0<a href=\"https:\/\/open.spotify.com\/intl-es\/artist\/7iK8PXO48WeuP03g8YR51W?si=vx-PLlJaQu2nyemNY3uW_Q\" target=\"_blank\" rel=\"noreferrer noopener\">Myke Towers<\/a>,\u00a0<a href=\"https:\/\/open.spotify.com\/intl-es\/artist\/12vb80Km0Ew53ABfJOepVz?si=J38EsdQcTkOUrfzLFhc6wA\" target=\"_blank\" rel=\"noreferrer noopener\">\u00d1engo Flow<\/a>,\u00a0<a href=\"https:\/\/open.spotify.com\/intl-es\/artist\/10VBp06W8NIgMW4JruLCC4?si=BAW4ZImJTQWZphiSFQ_37w\" target=\"_blank\" rel=\"noreferrer noopener\">Kidd Voodoo<\/a>,\u00a0<a href=\"https:\/\/open.spotify.com\/intl-es\/artist\/2O8vbr4RYPpk6MRA4fio7u?si=KWBrUzDvRoebt5bCL28GQA\" target=\"_blank\" rel=\"noreferrer noopener\">SAIKO<\/a>\u00a0o\u00a0<a href=\"https:\/\/open.spotify.com\/intl-es\/artist\/0FwnPHExlRRxEZPLAi5tmG?si=Fa5G1pB0RQK5FY-W5So6FQ\" target=\"_blank\" rel=\"noreferrer noopener\">JC Reyes<\/a>.<\/strong><\/p>\n\n\n\n<\/div>\n            \n            \n                        <p><a class=\"wk-button\" href=\"https:\/\/purolatino.es\/cadiz\/young-cister-se-viene-a-el-puerto\/\">Leer m\u00e1s<\/a><\/p>\n            \n            \n        <\/div>\n    <\/div>\n\n\n    <div>\n        <div class=\"wk-panel wk-overlay-hover wk-invisible\">\n\n                        <a class=\"wk-position-cover wk-position-z-index\" href=\"https:\/\/purolatino.es\/cadiz\/saiko-se-viene-a-puro-latino\/\" title=\"\u00a1SAIKO SE VIENE A PURO LATINO!\"><\/a>\n            \n            \n                        <div class=\"wk-text-center wk-panel-teaser\"><div class=\"wk-overlay \"><img loading=\"lazy\" decoding=\"async\" src=\"https:\/\/purolatino.es\/cadiz\/wp-content\/uploads\/sites\/10\/2025\/12\/Saiko-CADIZ.jpg\" class=\" wk-overlay-scale\" alt=\"\u00a1SAIKO SE VIENE A PURO LATINO!\" width=\"1080\" height=\"1080\"><\/div><\/div>\n            \n            \n                        <h3 class=\"wk-h1 wk-margin-top-remove\">\n\n                                    <a class=\"wk-link-reset\" href=\"https:\/\/purolatino.es\/cadiz\/saiko-se-viene-a-puro-latino\/\">\u00a1SAIKO SE VIENE A PURO LATINO!<\/a>\n                \n                \n            <\/h3>\n            \n            \n            \n                        <div class=\"wk-margin\">\n<p><strong><strong>Las confirmaciones en\u00a0<a href=\"https:\/\/purolatino.es\/\" target=\"_blank\" rel=\"noreferrer noopener\">Puro Latino<\/a>\u00a0llegan a pares: hoy se desvela la presencia de una joven estrella, el granadino\u00a0<a href=\"https:\/\/open.spotify.com\/intl-es\/artist\/2O8vbr4RYPpk6MRA4fio7u?si=KWBrUzDvRoebt5bCL28GQA\" target=\"_blank\" rel=\"noreferrer noopener\">SAIKO<\/a>, para dos de sus citas de 2026:\u00a0<a href=\"https:\/\/purolatino.es\/cadiz\/\" target=\"_blank\" rel=\"noreferrer noopener\">Puro Latino\u00a0<strong>El Puerto de Santa Mar\u00eda<\/strong>\u00a0Fest<\/a>\u00a0y\u00a0<a href=\"https:\/\/purolatino.es\/torremolinos\/\" target=\"_blank\" rel=\"noreferrer noopener\">Puro Latino Torremolinos Fest<\/a>.<\/strong><\/strong><\/p>\n\n\n\n<\/div>\n            \n            \n                        <p><a class=\"wk-button\" href=\"https:\/\/purolatino.es\/cadiz\/saiko-se-viene-a-puro-latino\/\">Leer m\u00e1s<\/a><\/p>\n            \n            \n        <\/div>\n    <\/div>\n\n\n    <div>\n        <div class=\"wk-panel wk-overlay-hover wk-invisible\">\n\n                        <a class=\"wk-position-cover wk-position-z-index\" href=\"https:\/\/purolatino.es\/cadiz\/kidd-voodoo-esta-en-la-casa\/\" title=\"\u00a1KIDD VOODOO EST\u00c1 EN LA CASA!\"><\/a>\n            \n            \n                        <div class=\"wk-text-center wk-panel-teaser\"><div class=\"wk-overlay \"><img loading=\"lazy\" decoding=\"async\" src=\"https:\/\/purolatino.es\/cadiz\/wp-content\/uploads\/sites\/10\/2025\/12\/kido-voodoo-puerto-de-santa-maria.jpg\" class=\" wk-overlay-scale\" alt=\"\u00a1KIDD VOODOO EST\u00c1 EN LA CASA!\" width=\"1080\" height=\"1080\"><\/div><\/div>\n            \n            \n                        <h3 class=\"wk-h1 wk-margin-top-remove\">\n\n                                    <a class=\"wk-link-reset\" href=\"https:\/\/purolatino.es\/cadiz\/kidd-voodoo-esta-en-la-casa\/\">\u00a1KIDD VOODOO EST\u00c1 EN LA CASA!<\/a>\n                \n                \n            <\/h3>\n            \n            \n            \n                        <div class=\"wk-margin\">\n<p><strong>\u00a1Bombazo en&nbsp;<a href=\"https:\/\/purolatino.es\/\" target=\"_blank\" rel=\"noreferrer noopener\">Puro Latino<\/a>!&nbsp;Si ya la rompieron anunciando&nbsp;al puertorrique\u00f1o&nbsp;<a href=\"https:\/\/open.spotify.com\/intl-es\/artist\/12vb80Km0Ew53ABfJOepVz?si=J38EsdQcTkOUrfzLFhc6wA\" target=\"_blank\" rel=\"noreferrer noopener\">\u00d1engo Flow<\/a>&nbsp;para sus citas de 2026, hoy confirman a otro artista que se subir\u00e1 a&nbsp;todos los escenarios: el reconocido&nbsp;cantante y compositor chileno&nbsp;<a href=\"https:\/\/open.spotify.com\/intl-es\/artist\/10VBp06W8NIgMW4JruLCC4?si=BAW4ZImJTQWZphiSFQ_37w\" target=\"_blank\" rel=\"noreferrer noopener\">Kidd Voodoo<\/a>.<\/strong><\/p>\n\n\n\n<\/div>\n            \n            \n                        <p><a class=\"wk-button\" href=\"https:\/\/purolatino.es\/cadiz\/kidd-voodoo-esta-en-la-casa\/\">Leer m\u00e1s<\/a><\/p>\n            \n            \n        <\/div>\n    <\/div>\n\n\n    <div>\n        <div class=\"wk-panel wk-overlay-hover wk-invisible\">\n\n                        <a class=\"wk-position-cover wk-position-z-index\" href=\"https:\/\/purolatino.es\/cadiz\/el-real-g4-life\/\" title=\"\u00a1EL REAL G4 LIFE!\"><\/a>\n            \n            \n                        <div class=\"wk-text-center wk-panel-teaser\"><div class=\"wk-overlay \"><img loading=\"lazy\" decoding=\"async\" src=\"https:\/\/purolatino.es\/cadiz\/wp-content\/uploads\/sites\/10\/2025\/11\/nengo-flow-puro-latino-puerto-de-santa-maria.jpg\" class=\" wk-overlay-scale\" alt=\"\u00a1EL REAL G4 LIFE!\" width=\"1080\" height=\"1080\"><\/div><\/div>\n            \n            \n                        <h3 class=\"wk-h1 wk-margin-top-remove\">\n\n                                    <a class=\"wk-link-reset\" href=\"https:\/\/purolatino.es\/cadiz\/el-real-g4-life\/\">\u00a1EL REAL G4 LIFE!<\/a>\n                \n                \n            <\/h3>\n            \n            \n            \n                        <div class=\"wk-margin\">\n<p><strong>Se acaba de\u00a0desvelar\u00a0un aut\u00e9ntico bombazo informativo:\u00a0\u00abEl Real G\u00bb, es decir\u00a0el puertorrique\u00f1o\u00a0<a href=\"https:\/\/open.spotify.com\/intl-es\/artist\/12vb80Km0Ew53ABfJOepVz?si=J38EsdQcTkOUrfzLFhc6wA\" target=\"_blank\" rel=\"noreferrer noopener\">\u00d1engo Flow<\/a>,\u00a0actuar\u00e1 en todas las ediciones de\u00a0<a href=\"https:\/\/purolatino.es\/\" target=\"_blank\" rel=\"noreferrer noopener\">Puro Latino<\/a>\u00a0para\u00a02026.<\/strong> <strong>Este icono del g\u00e9nero\u00a0se unir\u00e1 a\u00a0<a href=\"https:\/\/open.spotify.com\/intl-es\/artist\/7iK8PXO48WeuP03g8YR51W?si=vx-PLlJaQu2nyemNY3uW_Q\" target=\"_blank\" rel=\"noreferrer noopener\">Myke Towers<\/a>\u00a0en\u00a0<a href=\"https:\/\/purolatino.es\/almeria\/\" target=\"_blank\" rel=\"noreferrer noopener\">Puro Latino Almer\u00eda Fest<\/a>\u00a0y\u00a0<a href=\"https:\/\/purolatino.es\/cadiz\/\" target=\"_blank\" rel=\"noreferrer noopener\">Puro Latino El Puerto de Santa Mar\u00eda Fest<\/a>,\u00a0<a href=\"https:\/\/open.spotify.com\/intl-es\/artist\/4az97MtWmBQ5Db3GfDh9j9?si=VD9qDCV4SSSlIMOLhG9qgg\" target=\"_blank\" rel=\"noreferrer noopener\">Morad<\/a>\u00a0en\u00a0<a href=\"https:\/\/purolatino.es\/madrid\/\" target=\"_blank\" rel=\"noreferrer noopener\">Puro Latino Madrid Fest<\/a>,\u00a0y\u00a0<a href=\"https:\/\/exzqyw.clicks.mlsend2.com\/tj\/cl\/eyJ2Ijoie1wiYVwiOjEwNDgzMDQsXCJsXCI6MTcxNjc2NzUyNjY1MzgwODYzLFwiclwiOjE3MTY3Njc3MTIwNTI1MjY5OH0iLCJzIjoiYzFiMjY3YzY5YjlkZTUyOCJ9\" target=\"_blank\" rel=\"noreferrer noopener\">JC Reyes<\/a>\u00a0en\u00a0<a href=\"https:\/\/exzqyw.clicks.mlsend2.com\/tj\/cl\/eyJ2Ijoie1wiYVwiOjEwNDgzMDQsXCJsXCI6MTcxNjc2NzUyNjY5NTc0MTQ1LFwiclwiOjE3MTY3Njc3MTIwNTI1MjY5OH0iLCJzIjoiMDUyYjkwOWM5MzVmOTRjMSJ9\" target=\"_blank\" rel=\"noreferrer noopener\">Puro Latino Sevilla Fest<\/a>\u00a0y\u00a0<a href=\"https:\/\/purolatino.es\/torremolinos\/\" target=\"_blank\" rel=\"noreferrer noopener\">Puro Latino Torremolinos Fest<\/a>.<\/strong><\/p>\n\n\n\n<\/div>\n            \n            \n                        <p><a class=\"wk-button\" href=\"https:\/\/purolatino.es\/cadiz\/el-real-g4-life\/\">Leer m\u00e1s<\/a><\/p>\n            \n            \n        <\/div>\n    <\/div>\n\n\n    <div>\n        <div class=\"wk-panel wk-overlay-hover wk-invisible\">\n\n                        <a class=\"wk-position-cover wk-position-z-index\" href=\"https:\/\/purolatino.es\/cadiz\/myke-towers-confirmado\/\" title=\"MYKE TOWERS, \u00a1CONFIRMADO!\"><\/a>\n            \n            \n                        <div class=\"wk-text-center wk-panel-teaser\"><div class=\"wk-overlay \"><img loading=\"lazy\" decoding=\"async\" src=\"https:\/\/purolatino.es\/cadiz\/wp-content\/uploads\/sites\/10\/2025\/11\/IMG_4560.jpeg\" class=\" wk-overlay-scale\" alt=\"MYKE TOWERS, \u00a1CONFIRMADO!\" width=\"1080\" height=\"1080\"><\/div><\/div>\n            \n            \n                        <h3 class=\"wk-h1 wk-margin-top-remove\">\n\n                                    <a class=\"wk-link-reset\" href=\"https:\/\/purolatino.es\/cadiz\/myke-towers-confirmado\/\">MYKE TOWERS, \u00a1CONFIRMADO!<\/a>\n                \n                \n            <\/h3>\n            \n            \n            \n                        <div class=\"wk-margin\">\n<p><strong>El 2026 pinta incre\u00edble para un&nbsp;<a href=\"https:\/\/purolatino.es\/\" target=\"_blank\" rel=\"noreferrer noopener\">Puro Latino Fest<\/a>&nbsp;que propone citas&nbsp;imperdibles para el pr\u00f3ximo verano en Madrid, Almer\u00eda, Torremolinos,&nbsp;Sevilla&nbsp;y El Puerto de Santa Mar\u00eda.<\/strong><\/p>\n\n\n\n<p><strong>La primera gran confirmaci\u00f3n de esta temporada ha llegado esta misma tarde, con&nbsp;<a href=\"https:\/\/purolatino.es\/cadiz\/\" target=\"_blank\" rel=\"noreferrer noopener\">Puro Latino El Puerto de Santa Mar\u00eda Fest<\/a>&nbsp;anunciando a un gran cabeza de cartel,&nbsp;<a href=\"https:\/\/open.spotify.com\/intl-es\/artist\/7iK8PXO48WeuP03g8YR51W?si=vx-PLlJaQu2nyemNY3uW_Q\" target=\"_blank\" rel=\"noreferrer noopener\">Myke Towers<\/a>.<\/strong><\/p>\n\n\n\n<\/div>\n            \n            \n                        <p><a class=\"wk-button\" href=\"https:\/\/purolatino.es\/cadiz\/myke-towers-confirmado\/\">Leer m\u00e1s<\/a><\/p>\n            \n            \n        <\/div>\n    <\/div>\n\n\n    <div>\n        <div class=\"wk-panel wk-overlay-hover wk-invisible\">\n\n                        <a class=\"wk-position-cover wk-position-z-index\" href=\"https:\/\/purolatino.es\/cadiz\/pura-fiesta\/\" title=\"\u00a1PURA FIESTA!\"><\/a>\n            \n            \n                        <div class=\"wk-text-center wk-panel-teaser\"><div class=\"wk-overlay \"><img loading=\"lazy\" decoding=\"async\" src=\"https:\/\/purolatino.es\/cadiz\/wp-content\/uploads\/sites\/10\/2025\/07\/gracias.jpeg\" class=\" wk-overlay-scale\" alt=\"\u00a1PURA FIESTA!\" width=\"1080\" height=\"1080\"><\/div><\/div>\n            \n            \n                        <h3 class=\"wk-h1 wk-margin-top-remove\">\n\n                                    <a class=\"wk-link-reset\" href=\"https:\/\/purolatino.es\/cadiz\/pura-fiesta\/\">\u00a1PURA FIESTA!<\/a>\n                \n                \n            <\/h3>\n            \n            \n            \n                        <div class=\"wk-margin\">\n<p><strong>Durante tres intensos d\u00edas, la gran fiesta latina se ha vivido en el\u00a0<a href=\"https:\/\/purolatino.es\/cadiz\/\" target=\"_blank\" rel=\"noreferrer noopener\">Puro Latino El Puerto de Santa Mar\u00eda Fest<\/a>, una cita en plena costa gaditana con una banda sonora perfecta:\u00a0el\u00a0mejor reguet\u00f3n y los g\u00e9neros urbanos de moda.<\/strong> <strong>Estrellas de la escena como\u00a0<a href=\"https:\/\/open.spotify.com\/intl-es\/artist\/2x7PC78TmgqpEIjaGAZ0Oz?si=QPp1Fb3BSOukv_UrqQ7_bQ\" target=\"_blank\" rel=\"noreferrer noopener\">Trueno<\/a>,\u00a0<a href=\"https:\/\/open.spotify.com\/intl-es\/artist\/1SupJlEpv7RS2tPNRaHViT?si=ZxWFk_fkSnCzhsulHnwhFw\" target=\"_blank\" rel=\"noreferrer noopener\">Nicky Jam<\/a>,\u00a0<a href=\"https:\/\/open.spotify.com\/intl-es\/artist\/4F4pp8NUW08JuXwnoxglpN?si=URDvBk3xRx-6qYyag864qw\" target=\"_blank\" rel=\"noreferrer noopener\">Bad Gyal<\/a>,\u00a0<a href=\"https:\/\/open.spotify.com\/intl-es\/artist\/3lY9Fxceu60W1rbon7PkuF?si=6oPKos_6T4m6nU4mlb-tiQ\" target=\"_blank\" rel=\"noreferrer noopener\">Omar Montes<\/a>,\u00a0<a href=\"https:\/\/open.spotify.com\/intl-es\/artist\/1ackd5XprZEkH3McKbQD51?si=5rH8obP5S2KUdEt_-nQB0Q\" target=\"_blank\" rel=\"noreferrer noopener\">Juan Magan<\/a>,\u00a0<a href=\"https:\/\/open.spotify.com\/intl-es\/artist\/4az97MtWmBQ5Db3GfDh9j9?si=t1FO77frSeueBk3FhVGZnQ\" target=\"_blank\" rel=\"noreferrer noopener\">Morad<\/a>,\u00a0<a href=\"https:\/\/open.spotify.com\/intl-es\/artist\/4VVEpEhC8NcR7AqNEds42U?si=YX_Cnw0oSDqpSHpu_3lUIg\" target=\"_blank\" rel=\"noreferrer noopener\">Chimbala<\/a>,\u00a0<a href=\"https:\/\/open.spotify.com\/intl-es\/artist\/2YRyPiW98bpkARAS4B3OQP?si=nNt8c8lHSUKi1Fr2n3ePlw\" target=\"_blank\" rel=\"noreferrer noopener\">Dei V<\/a>,\u00a0<a href=\"https:\/\/open.spotify.com\/intl-es\/artist\/77ziqFxp5gaInVrF2lj4ht?si=bVOyyAiLRQ61NnPicjf1Rw\" target=\"_blank\" rel=\"noreferrer noopener\">Sech<\/a>,\u00a0<a href=\"https:\/\/open.spotify.com\/intl-es\/artist\/1i8SpTcr7yvPOmcqrbnVXY?si=DF9_ildoQbWhqQAgl0jguA\" target=\"_blank\" rel=\"noreferrer noopener\">Ozuna<\/a>,\u00a0<a href=\"https:\/\/open.spotify.com\/intl-es\/artist\/3UTF2no3muGdiFXVujl94i?fo=1&amp;utm_medium=share\" target=\"_blank\" rel=\"noreferrer noopener\">Kapo<\/a>,\u00a0<a href=\"https:\/\/open.spotify.com\/intl-es\/artist\/3m5qlPf2OkihLz3dRYnkPA\" target=\"_blank\" rel=\"noreferrer noopener\">Ovy On The Drums<\/a>,\u00a0<a href=\"https:\/\/open.spotify.com\/intl-es\/artist\/54seKvtsZauR1iauN0ptpo?si=GbQFgwctQ8KwuKnncQO4Ig\" target=\"_blank\" rel=\"noreferrer noopener\">De La Rose<\/a>,\u00a0<a href=\"https:\/\/open.spotify.com\/intl-es\/artist\/37230BxxYs9ksS7OkZw3IU\" target=\"_blank\" rel=\"noreferrer noopener\">Chencho Corleone<\/a>,\u00a0<a href=\"https:\/\/open.spotify.com\/intl-es\/artist\/4CQdcx66F116k2db2Y0rjE\" target=\"_blank\" rel=\"noreferrer noopener\">Hades66<\/a>,\u00a0<a href=\"https:\/\/open.spotify.com\/intl-es\/artist\/78F6Xkd46aMHkr4AP60TXY\" target=\"_blank\" rel=\"noreferrer noopener\">Clarent<\/a>,\u00a0<a href=\"https:\/\/open.spotify.com\/intl-es\/artist\/7trKViRlVbKr7Yrh9ygHnS\" target=\"_blank\" rel=\"noreferrer noopener\">Jos\u00e9 de las Heras<\/a>\u00a0o\u00a0<a href=\"https:\/\/open.spotify.com\/intl-es\/artist\/2CCgb0KApjfQDuTppovpf8?si=XLr3qzHuSQK5EDjSwADIfQ\" target=\"_blank\" rel=\"noreferrer noopener\">rvfv<\/a>\u00a0protagonizaron una\u00a0sexta edici\u00f3n que cont\u00f3 con la espectacular asistencia de 125.000 personas.<\/strong><\/p>\n\n\n\n<\/div>\n            \n            \n                        <p><a class=\"wk-button\" href=\"https:\/\/purolatino.es\/cadiz\/pura-fiesta\/\">Leer m\u00e1s<\/a><\/p>\n            \n            \n        <\/div>\n    <\/div>\n\n\n    <div>\n        <div class=\"wk-panel wk-overlay-hover wk-invisible\">\n\n                        <a class=\"wk-position-cover wk-position-z-index\" href=\"https:\/\/purolatino.es\/cadiz\/un-tridente-de-oro\/\" title=\"UN TRIDENTE DE ORO\"><\/a>\n            \n            \n                        <div class=\"wk-text-center wk-panel-teaser\"><div class=\"wk-overlay \"><img loading=\"lazy\" decoding=\"async\" src=\"https:\/\/purolatino.es\/cadiz\/wp-content\/uploads\/sites\/10\/2024\/11\/bad-gyal-puro-latino.jpeg\" class=\" wk-overlay-scale\" alt=\"UN TRIDENTE DE ORO\" width=\"1080\" height=\"1080\"><\/div><\/div>\n            \n            \n                        <h3 class=\"wk-h1 wk-margin-top-remove\">\n\n                                    <a class=\"wk-link-reset\" href=\"https:\/\/purolatino.es\/cadiz\/un-tridente-de-oro\/\">UN TRIDENTE DE ORO<\/a>\n                \n                \n            <\/h3>\n            \n            \n            \n                        <div class=\"wk-margin\">\n<p><strong>Tras alcanzar el r\u00e9cord de 145.000 asistentes en su pasada edici\u00f3n,\u00a0<a href=\"https:\/\/purolatino.es\/cadiz\/\" target=\"_blank\" rel=\"noreferrer noopener\">Puro Latino\u00a0El Puerto de Santa Mar\u00eda Fest<\/a>\u00a0regresar\u00e1 en 2025 del 24 al 26 de julio. Para romper el hielo, el festival gaditano avanza sus tres primeros artistas:\u00a0<strong><a href=\"https:\/\/open.spotify.com\/intl-es\/artist\/4F4pp8NUW08JuXwnoxglpN?si=URDvBk3xRx-6qYyag864qw\" target=\"_blank\" rel=\"noreferrer noopener\">Bad Gyal<\/a><\/strong>,\u00a0<a href=\"https:\/\/open.spotify.com\/intl-es\/artist\/3lY9Fxceu60W1rbon7PkuF?si=6oPKos_6T4m6nU4mlb-tiQ\" target=\"_blank\" rel=\"noreferrer noopener\">Omar Montes<\/a>\u00a0y\u00a0<a href=\"https:\/\/open.spotify.com\/intl-es\/artist\/1ackd5XprZEkH3McKbQD51?si=5rH8obP5S2KUdEt_-nQB0Q\" target=\"_blank\" rel=\"noreferrer noopener\">Juan Magan<\/a>.\u00a0<strong>\u00a1Menudo tridente!<\/strong><\/strong><\/p>\n\n\n\n<\/div>\n            \n            \n                        <p><a class=\"wk-button\" href=\"https:\/\/purolatino.es\/cadiz\/un-tridente-de-oro\/\">Leer m\u00e1s<\/a><\/p>\n            \n            \n        <\/div>\n    <\/div>\n\n\n    <div>\n        <div class=\"wk-panel wk-overlay-hover wk-invisible\">\n\n                        <a class=\"wk-position-cover wk-position-z-index\" href=\"https:\/\/purolatino.es\/cadiz\/145-000-gracias\/\" title=\"\u00a1145.000 GRACIAS!\"><\/a>\n            \n            \n                        <div class=\"wk-text-center wk-panel-teaser\"><div class=\"wk-overlay \"><img loading=\"lazy\" decoding=\"async\" src=\"https:\/\/purolatino.es\/cadiz\/wp-content\/uploads\/sites\/10\/2024\/07\/llenitos-1.jpg\" class=\" wk-overlay-scale\" alt=\"\u00a1145.000 GRACIAS!\" width=\"1180\" height=\"787\"><\/div><\/div>\n            \n            \n                        <h3 class=\"wk-h1 wk-margin-top-remove\">\n\n                                    <a class=\"wk-link-reset\" href=\"https:\/\/purolatino.es\/cadiz\/145-000-gracias\/\">\u00a1145.000 GRACIAS!<\/a>\n                \n                \n            <\/h3>\n            \n            \n            \n                        <div class=\"wk-margin\">\n<p>El pasado s\u00e1bado 27 de julio despedimos la quinta edici\u00f3n de Puro Latino El Puerto de Santa Mar\u00eda Fest con una tercera jornada repleta de m\u00e1gicos momentos donde pudimos disfrutar de la estelar presencia de artistas de la talla de Morad, Rvfv, Gente de Zona, Juan Mag\u00e1n, Be\u00e9le, Lunay o Beny Jr. Durante sus tres d\u00edas de celebraci\u00f3n, un total de 145.000 asistentes han pisado el Recinto Ferial Las Banderas, convirtiendo a Puro Latino El Puerto de Santa Mar\u00eda Fest en el epicentro y origen de la exaltaci\u00f3n de la m\u00fasica urbana desde que comenz\u00f3 su andadura en 2018. \u00a1Mucho ha llovido!<\/p>\n\n\n\n<\/div>\n            \n            \n                        <p><a class=\"wk-button\" href=\"https:\/\/purolatino.es\/cadiz\/145-000-gracias\/\">Leer m\u00e1s<\/a><\/p>\n            \n            \n        <\/div>\n    <\/div>\n\n\n    <div>\n        <div class=\"wk-panel wk-overlay-hover wk-invisible\">\n\n                        <a class=\"wk-position-cover wk-position-z-index\" href=\"https:\/\/purolatino.es\/cadiz\/la-fiesta-continua\/\" title=\"\u00a1LA FIESTA CONTIN\u00daA!\"><\/a>\n            \n            \n                        <div class=\"wk-text-center wk-panel-teaser\"><div class=\"wk-overlay \"><img loading=\"lazy\" decoding=\"async\" src=\"https:\/\/purolatino.es\/cadiz\/wp-content\/uploads\/sites\/10\/2024\/07\/horarios_sabado.jpeg\" class=\" wk-overlay-scale\" alt=\"\u00a1LA FIESTA CONTIN\u00daA!\" width=\"1080\" height=\"1080\"><\/div><\/div>\n            \n            \n                        <h3 class=\"wk-h1 wk-margin-top-remove\">\n\n                                    <a class=\"wk-link-reset\" href=\"https:\/\/purolatino.es\/cadiz\/la-fiesta-continua\/\">\u00a1LA FIESTA CONTIN\u00daA!<\/a>\n                \n                \n            <\/h3>\n            \n            \n            \n                        <div class=\"wk-margin\">\n<p>Y seguimos para bingo. Tras una primera jornada ejemplar, Puro Latino El Puerto de Santa Mar\u00eda Fest contin\u00faa su traves\u00eda y nos regal\u00f3 ayer en su segunda jornada varias de las actuaciones m\u00e1s esperadas. El p\u00fablico, a\u00fan mucho m\u00e1s numeroso que el ya abarrotad\u00edsimo d\u00eda anterior, pudo disfrutar de las espl\u00e9ndidas actuaciones de Anuel AA, Bryant Myers, El Alfa, JC Reyes, Dei V y Jose de las Heras.<\/p>\n\n\n\n<\/div>\n            \n            \n                        <p><a class=\"wk-button\" href=\"https:\/\/purolatino.es\/cadiz\/la-fiesta-continua\/\">Leer m\u00e1s<\/a><\/p>\n            \n            \n        <\/div>\n    <\/div>\n\n\n    <div>\n        <div class=\"wk-panel wk-overlay-hover wk-invisible\">\n\n                        <a class=\"wk-position-cover wk-position-z-index\" href=\"https:\/\/purolatino.es\/cadiz\/comunicado-oficial\/\" title=\"COMUNICADO OFICIAL\"><\/a>\n            \n            \n                        <div class=\"wk-text-center wk-panel-teaser\"><div class=\"wk-overlay \"><img loading=\"lazy\" decoding=\"async\" src=\"https:\/\/purolatino.es\/cadiz\/wp-content\/uploads\/sites\/10\/2024\/07\/pu\u00aeo-latino-puerto.jpeg\" class=\" wk-overlay-scale\" alt=\"COMUNICADO OFICIAL\" width=\"1080\" height=\"1080\"><\/div><\/div>\n            \n            \n                        <h3 class=\"wk-h1 wk-margin-top-remove\">\n\n                                    <a class=\"wk-link-reset\" href=\"https:\/\/purolatino.es\/cadiz\/comunicado-oficial\/\">COMUNICADO OFICIAL<\/a>\n                \n                \n            <\/h3>\n            \n            \n            \n                        <div class=\"wk-margin\">\n<p>Sentimos comunicaros que desafortunadamente Saiko no podr\u00e1 acompa\u00f1arnos ma\u00f1ana en la tercera y \u00faltima jornada de Puro Latino El Puerto de Santa Mar\u00eda Fest. El artista se encuentra con neumon\u00eda, y llevaba una semana con molestias, seg\u00fan ha comentado en redes sociales. \u00a1Le deseamos una pronta recuperaci\u00f3n! Pero que no cunda el p\u00e1nico: \u00a1ya tenemos sustituto! Ma\u00f1ana s\u00e1bado, tienes una cita con Beny Jr en Puro Latino El Puerto de Santa Mar\u00eda Fest.<\/p>\n\n\n\n<\/div>\n            \n            \n                        <p><a class=\"wk-button\" href=\"https:\/\/purolatino.es\/cadiz\/comunicado-oficial\/\">Leer m\u00e1s<\/a><\/p>\n            \n            \n        <\/div>\n    <\/div>\n\n\n    <div>\n        <div class=\"wk-panel wk-overlay-hover wk-invisible\">\n\n                        <a class=\"wk-position-cover wk-position-z-index\" href=\"https:\/\/purolatino.es\/cadiz\/pistoletazo-de-salida\/\" title=\"\u00a1PISTOLETAZO\u00a0DE SALIDA!\"><\/a>\n            \n            \n                        <div class=\"wk-text-center wk-panel-teaser\"><div class=\"wk-overlay \"><img loading=\"lazy\" decoding=\"async\" src=\"https:\/\/purolatino.es\/cadiz\/wp-content\/uploads\/sites\/10\/2024\/07\/DSC_5953.jpg\" class=\" wk-overlay-scale\" alt=\"\u00a1PISTOLETAZO\u00a0DE SALIDA!\" width=\"1180\" height=\"788\"><\/div><\/div>\n            \n            \n                        <h3 class=\"wk-h1 wk-margin-top-remove\">\n\n                                    <a class=\"wk-link-reset\" href=\"https:\/\/purolatino.es\/cadiz\/pistoletazo-de-salida\/\">\u00a1PISTOLETAZO\u00a0DE SALIDA!<\/a>\n                \n                \n            <\/h3>\n            \n            \n            \n                        <div class=\"wk-margin\">\n<p>Puro Latino El Puerto de Santa Mar\u00eda Fest arranc\u00f3 ayer jueves 25 de julio con una primera jornada donde todo sali\u00f3 a pedir de boca: muy buen ambiente, pocas colas para un evento de tal magnitud, una brisa marinera refrescante y la ilusi\u00f3n de miles y miles de personas que disfrutaron con entusiasmo las actuaciones de Maluma, Manuel Turizo, Rels B, Yandel, Mar\u00eda Becerra y Vilu Gontero. La ciudad gaditana continuar\u00e1 hoy viernes y ma\u00f1ana s\u00e1bado disfrutando de los mejores ritmos latinos y de artistas consagrados de la talla de Anuel AA, Bryant Myers, El Alfa, JC Reyes, Dei V, Morad, Rvfv, Gente de Zona y Juan Mag\u00e1n, entre otros.<\/p>\n\n\n\n<\/div>\n            \n            \n                        <p><a class=\"wk-button\" href=\"https:\/\/purolatino.es\/cadiz\/pistoletazo-de-salida\/\">Leer m\u00e1s<\/a><\/p>\n            \n            \n        <\/div>\n    <\/div>\n\n\n    <div>\n        <div class=\"wk-panel wk-overlay-hover wk-invisible\">\n\n                        <a class=\"wk-position-cover wk-position-z-index\" href=\"https:\/\/purolatino.es\/cadiz\/3-2-1\/\" title=\"3, 2, 1&amp;#8230;\"><\/a>\n            \n            \n                        <div class=\"wk-text-center wk-panel-teaser\"><div class=\"wk-overlay \"><img loading=\"lazy\" decoding=\"async\" src=\"https:\/\/purolatino.es\/cadiz\/wp-content\/uploads\/sites\/10\/2024\/07\/puro-latino-puerto-de-santa-maria.jpeg\" class=\" wk-overlay-scale\" alt=\"3, 2, 1&#8230;\" width=\"1080\" height=\"1080\"><\/div><\/div>\n            \n            \n                        <h3 class=\"wk-h1 wk-margin-top-remove\">\n\n                                    <a class=\"wk-link-reset\" href=\"https:\/\/purolatino.es\/cadiz\/3-2-1\/\">3, 2, 1&#8230;<\/a>\n                \n                \n            <\/h3>\n            \n            \n            \n                        <div class=\"wk-margin\">\n<p>Ma\u00f1ana jueves 25 de julio comienza la quinta edici\u00f3n de Puro Latino El Puerto de Santa Mar\u00eda Fest. La cita por excelencia con el reggaet\u00f3n y los ritmos latinos m\u00e1s exitosos vuelve a la ciudad que lo vio nacer para ofrecernos tres jornadas de buenas vibraciones con artistas de la talla de Anuel AA, Maluma, Saiko, Bryant Myers, Manuel Turizo, Morad, El Alfa, Rels B, Rvfv, JC Reyes, Yandel, Gente de Zona, Dei V, Lunay, Juan Mag\u00e1n, Jose de las Heras, Mar\u00eda Becerra, Be\u00e9le, Vilu Gontero y Raul Clyde.<\/p>\n\n\n\n<\/div>\n            \n            \n                        <p><a class=\"wk-button\" href=\"https:\/\/purolatino.es\/cadiz\/3-2-1\/\">Leer m\u00e1s<\/a><\/p>\n            \n            \n        <\/div>\n    <\/div>\n\n\n    <div>\n        <div class=\"wk-panel wk-overlay-hover wk-invisible\">\n\n                        <a class=\"wk-position-cover wk-position-z-index\" href=\"https:\/\/purolatino.es\/cadiz\/estamos-contigo\/\" title=\"\u00a1ESTAMOS CONTIGO!\"><\/a>\n            \n            \n                        <div class=\"wk-text-center wk-panel-teaser\"><div class=\"wk-overlay \"><img loading=\"lazy\" decoding=\"async\" src=\"https:\/\/purolatino.es\/cadiz\/wp-content\/uploads\/sites\/10\/2024\/06\/Asistencia_SERVIALL_POST_PL.jpeg\" class=\" wk-overlay-scale\" alt=\"\u00a1ESTAMOS CONTIGO!\" width=\"1080\" height=\"1080\"><\/div><\/div>\n            \n            \n                        <h3 class=\"wk-h1 wk-margin-top-remove\">\n\n                                    <a class=\"wk-link-reset\" href=\"https:\/\/purolatino.es\/cadiz\/estamos-contigo\/\">\u00a1ESTAMOS CONTIGO!<\/a>\n                \n                \n            <\/h3>\n            \n            \n            \n                        <div class=\"wk-margin\">\n<p>En sus pr\u00f3ximas ediciones, las diferentes entregas de\u00a0<a href=\"https:\/\/email.cloud.secureclick.net\/c\/5540?id=14312138.55779.1.52c4c67a52c85a0a38471c1bcdaafd1c\" target=\"_blank\" rel=\"noreferrer noopener\">Puro Latino<\/a>\u00a0incorporar\u00e1n una aplicaci\u00f3n para mejorar la asistencia sanitaria y que tambi\u00e9n servir\u00e1 como punto violeta contra las agresiones sexistas. As\u00ed, los festivales a celebrar en\u00a0<a href=\"https:\/\/email.cloud.secureclick.net\/c\/5540?id=14312138.55780.1.ee510eeee42cac6fd833063ba96c7890\" target=\"_blank\" rel=\"noreferrer noopener\">Madrid<\/a>,\u00a0<a href=\"https:\/\/email.cloud.secureclick.net\/c\/5540?id=14312138.55781.1.3ce24509ab0efe20411b1222edd9649a\" target=\"_blank\" rel=\"noreferrer noopener\">Sevilla<\/a>,\u00a0<a href=\"https:\/\/email.cloud.secureclick.net\/c\/5540?id=14312138.55782.1.8a37ea234f769e8e611b3b199925f586\" target=\"_blank\" rel=\"noreferrer noopener\">Almer\u00eda<\/a>,\u00a0<a href=\"https:\/\/email.cloud.secureclick.net\/c\/5540?id=14312138.55783.1.5479b1485af90f83c52985e2a42cb656\" target=\"_blank\" rel=\"noreferrer noopener\">Torremolinos<\/a>\u00a0y\u00a0<a href=\"https:\/\/email.cloud.secureclick.net\/c\/5540?id=14312138.55784.1.844f38023353d836e3c17f325c446469\" target=\"_blank\" rel=\"noreferrer noopener\">El Puerto de Santa Mar\u00eda<\/a>\u00a0muestran su compromiso una vez m\u00e1s con su p\u00fablico, aumentando la seguridad de todos los asistentes.<\/p>\n\n\n\n<\/div>\n            \n            \n                        <p><a class=\"wk-button\" href=\"https:\/\/purolatino.es\/cadiz\/estamos-contigo\/\">Leer m\u00e1s<\/a><\/p>\n            \n            \n        <\/div>\n    <\/div>\n\n\n    <div>\n        <div class=\"wk-panel wk-overlay-hover wk-invisible\">\n\n                        <a class=\"wk-position-cover wk-position-z-index\" href=\"https:\/\/purolatino.es\/cadiz\/cuenta-atras-2\/\" title=\"\u00a1CUENTA ATR\u00c1S!\"><\/a>\n            \n            \n                        <div class=\"wk-text-center wk-panel-teaser\"><div class=\"wk-overlay \"><img loading=\"lazy\" decoding=\"async\" src=\"https:\/\/purolatino.es\/cadiz\/wp-content\/uploads\/sites\/10\/2024\/05\/cartel-por-dias-puro-latino-puerto-de-santa-maria.jpeg\" class=\" wk-overlay-scale\" alt=\"\u00a1CUENTA ATR\u00c1S!\" width=\"1080\" height=\"1080\"><\/div><\/div>\n            \n            \n                        <h3 class=\"wk-h1 wk-margin-top-remove\">\n\n                                    <a class=\"wk-link-reset\" href=\"https:\/\/purolatino.es\/cadiz\/cuenta-atras-2\/\">\u00a1CUENTA ATR\u00c1S!<\/a>\n                \n                \n            <\/h3>\n            \n            \n            \n                        <div class=\"wk-margin\">\n<p>Ya queda menos para que comience la pr\u00f3xima edici\u00f3n de\u00a0<a href=\"https:\/\/email.cloud.secureclick.net\/c\/5540?id=14151467.54913.1.57b92ea102c80afbf89447b3d415023b\" target=\"_blank\" rel=\"noreferrer noopener\"><strong>Puro Latino El Puerto de Santa Mar\u00eda Fest<\/strong><\/a>y nosotros contamos las horas que nos separan de la fiesta del verano los pr\u00f3ximos 25, 26 y 27 de julio, y de poder disfrutar de los directos de nombres del calibre de\u00a0<a href=\"https:\/\/email.cloud.secureclick.net\/c\/5540?id=14151467.54914.1.c16ed481b65f8e180e9b9dd63f44e64e\" target=\"_blank\" rel=\"noreferrer noopener\">Anuel AA<\/a>,\u00a0<a href=\"https:\/\/email.cloud.secureclick.net\/c\/5540?id=14151467.54915.1.cd173edad3b43d89d50dd3c7b2698c0e\" target=\"_blank\" rel=\"noreferrer noopener\">Maluma<\/a>,\u00a0<a href=\"https:\/\/email.cloud.secureclick.net\/c\/5540?id=14151467.54916.1.120fc15ab39a06a8bcfadab6e3189115\" target=\"_blank\" rel=\"noreferrer noopener\">Mar\u00eda Becerra<\/a>,\u00a0<a href=\"https:\/\/email.cloud.secureclick.net\/c\/5540?id=14151467.54917.1.99d3943a524d23184886cde9de946149\" target=\"_blank\" rel=\"noreferrer noopener\">Saiko<\/a>\u00a0y muchos m\u00e1s. Mientras tanto, te recordamos que ya est\u00e1 disponible la programaci\u00f3n por d\u00edas y sus correspondientes entradas, una gran noticia que nos permitir\u00e1 organizarnos para no perdernos a ninguno de nuestros artistas favoritos.<\/p>\n\n\n\n<\/div>\n            \n            \n                        <p><a class=\"wk-button\" href=\"https:\/\/purolatino.es\/cadiz\/cuenta-atras-2\/\">Leer m\u00e1s<\/a><\/p>\n            \n            \n        <\/div>\n    <\/div>\n\n\n    <div>\n        <div class=\"wk-panel wk-overlay-hover wk-invisible\">\n\n                        <a class=\"wk-position-cover wk-position-z-index\" href=\"https:\/\/purolatino.es\/cadiz\/un-cierre-con-triplete\/\" title=\"UN CIERRE CON TRIPLETE\"><\/a>\n            \n            \n                        <div class=\"wk-text-center wk-panel-teaser\"><div class=\"wk-overlay \"><img loading=\"lazy\" decoding=\"async\" src=\"https:\/\/purolatino.es\/cadiz\/wp-content\/uploads\/sites\/10\/2024\/05\/cris-mj-puro-latino-puerto-de-santa-maria.jpeg\" class=\" wk-overlay-scale\" alt=\"UN CIERRE CON TRIPLETE\" width=\"1080\" height=\"1080\"><\/div><\/div>\n            \n            \n                        <h3 class=\"wk-h1 wk-margin-top-remove\">\n\n                                    <a class=\"wk-link-reset\" href=\"https:\/\/purolatino.es\/cadiz\/un-cierre-con-triplete\/\">UN CIERRE CON TRIPLETE<\/a>\n                \n                \n            <\/h3>\n            \n            \n            \n                        <div class=\"wk-margin\">\n<p>El chileno\u00a0<a href=\"https:\/\/email.cloud.secureclick.net\/c\/5540?id=14041525.54091.1.3612e106e45d6f0b7d066420bf190551\" target=\"_blank\" rel=\"noreferrer noopener\">Cris Mj<\/a>, responsable de \u00e9xitos tan virales como\u00a0<a href=\"https:\/\/email.cloud.secureclick.net\/c\/5540?id=14041525.54092.1.eb52554b74e388831f6c4028b9b6104c\" target=\"_blank\" rel=\"noreferrer noopener\">\u00abGata Only\u00bb<\/a>\u00a0o\u00a0<a href=\"https:\/\/email.cloud.secureclick.net\/c\/5540?id=14041525.54093.1.036e8700fe581410127f06de82d97c38\" target=\"_blank\" rel=\"noreferrer noopener\">\u00abUna noche en Medell\u00edn\u00bb<\/a>, y los djs\u00a0<strong><a href=\"https:\/\/email.cloud.secureclick.net\/c\/5540?id=14041525.54094.1.5e9a38819d6bece677fadc4171c9f428\" target=\"_blank\" rel=\"noreferrer noopener\">Jose de las Heras<\/a><\/strong>\u00a0y\u00a0<strong><a href=\"https:\/\/email.cloud.secureclick.net\/c\/5540?id=14041525.54095.1.4e96a545482726563f92c0a58201bcef\" target=\"_blank\" rel=\"noreferrer noopener\">Vilu Gontero<\/a><\/strong>\u00a0son las \u00faltimas novedades de la pr\u00f3xima edici\u00f3n de\u00a0<a href=\"https:\/\/email.cloud.secureclick.net\/c\/5540?id=14041525.54096.1.7b9e8b169251583c356e2562476c925e\" target=\"_blank\" rel=\"noreferrer noopener\"><strong>Puro Latino El Puerto de Santa Mar\u00eda Fest<\/strong><\/a>, que se celebrar\u00e1 del 25 al 27 de julio en el municipio que lo vi\u00f3 nacer. Estos tres artistas no actuar\u00e1n solos, estar\u00e1n rodeados de compa\u00f1eros y compa\u00f1eras de la talla de\u00a0<a href=\"https:\/\/email.cloud.secureclick.net\/c\/5540?id=14041525.54097.1.37e80bc7914bc7f7d52e57ceb85e2671\" target=\"_blank\" rel=\"noreferrer noopener\">Maluma<\/a>,\u00a0<a href=\"https:\/\/email.cloud.secureclick.net\/c\/5540?id=14041525.54098.1.2732c59c90f1089aed1a53e3b8d01b33\" target=\"_blank\" rel=\"noreferrer noopener\">Anuel AA<\/a>,\u00a0<a href=\"https:\/\/email.cloud.secureclick.net\/c\/5540?id=14041525.54099.1.297ba3d2b37e86db5508f8e2f2f03a2b\" target=\"_blank\" rel=\"noreferrer noopener\">Manuel Turizo<\/a>,\u00a0<a href=\"https:\/\/email.cloud.secureclick.net\/c\/5540?id=14041525.54100.1.8ba7f9488a27290a113969d8aa5ab4d0\" target=\"_blank\" rel=\"noreferrer noopener\">Bryant Myers<\/a>,\u00a0<a href=\"https:\/\/email.cloud.secureclick.net\/c\/5540?id=14041525.54101.1.91126bd72793fbf0dd1a4d5639bbfe95\" target=\"_blank\" rel=\"noreferrer noopener\">Gente de Zona<\/a>,\u00a0<a href=\"https:\/\/email.cloud.secureclick.net\/c\/5540?id=14041525.54102.1.ae3872bfd9175da845eb528bcbfff301\" target=\"_blank\" rel=\"noreferrer noopener\">Mar\u00eda Becerra<\/a>,\u00a0<a href=\"https:\/\/email.cloud.secureclick.net\/c\/5540?id=14041525.54103.1.a22ba2fc6f57756d799f35323a3cfe80\" target=\"_blank\" rel=\"noreferrer noopener\">El Alfa<\/a>,\u00a0<a href=\"https:\/\/email.cloud.secureclick.net\/c\/5540?id=14041525.54104.1.d73e0bf1697fdcab8627728097345732\" target=\"_blank\" rel=\"noreferrer noopener\">Juan Mag\u00e1n<\/a>,\u00a0<a href=\"https:\/\/email.cloud.secureclick.net\/c\/5540?id=14041525.54105.1.9515cf50ddf82c43df58f1d5711ef7b1\" target=\"_blank\" rel=\"noreferrer noopener\">Morad<\/a>,\u00a0<a href=\"https:\/\/email.cloud.secureclick.net\/c\/5540?id=14041525.54106.1.297bce9c17f903b784895fccfffe56d2\" target=\"_blank\" rel=\"noreferrer noopener\">Dei V<\/a>,\u00a0<a href=\"https:\/\/email.cloud.secureclick.net\/c\/5540?id=14041525.54107.1.2e0d59fba5ba4acc7f995ec83a17ea7a\" target=\"_blank\" rel=\"noreferrer noopener\">Rels B<\/a>,\u00a0<a href=\"https:\/\/email.cloud.secureclick.net\/c\/5540?id=14041525.54108.1.3759cbe594ea7aea60ace5366f1df24b\" target=\"_blank\" rel=\"noreferrer noopener\">Yandel<\/a>,\u00a0<a href=\"https:\/\/email.cloud.secureclick.net\/c\/5540?id=14041525.54109.1.91d607dea5bc1470b5d3541bc6260b13\" target=\"_blank\" rel=\"noreferrer noopener\">Saiko<\/a>,\u00a0<a href=\"https:\/\/email.cloud.secureclick.net\/c\/5540?id=14041525.54110.1.38d73059dcd62f0f20c8308da76e8f4f\" target=\"_blank\" rel=\"noreferrer noopener\">Rvfv<\/a>,\u00a0<a href=\"https:\/\/email.cloud.secureclick.net\/c\/5540?id=14041525.54111.1.c0388bb9c6cda159fcae4ee87e50500a\" target=\"_blank\" rel=\"noreferrer noopener\">JC Reyes<\/a>,\u00a0<a href=\"https:\/\/email.cloud.secureclick.net\/c\/5540?id=14041525.54112.1.483f5a09fea6ab340765f7de48ff5d79\" target=\"_blank\" rel=\"noreferrer noopener\">Lunay<\/a>\u00a0y Los Marcianos, nombre tras el que encontramos a los aclamados productores\u00a0<a href=\"https:\/\/email.cloud.secureclick.net\/c\/5540?id=14041525.54113.1.4ec818fa96fd084e973f4207ebd17446\" target=\"_blank\" rel=\"noreferrer noopener\">Chris Jedi<\/a>\u00a0y\u00a0<a href=\"https:\/\/email.cloud.secureclick.net\/c\/5540?id=14041525.54114.1.99e2ff8b1040258b98a6fb074c44f764\" target=\"_blank\" rel=\"noreferrer noopener\">Gaby Music<\/a>. \u00a1Casi nada!<\/p>\n\n\n\n<\/div>\n            \n            \n                        <p><a class=\"wk-button\" href=\"https:\/\/purolatino.es\/cadiz\/un-cierre-con-triplete\/\">Leer m\u00e1s<\/a><\/p>\n            \n            \n        <\/div>\n    <\/div>\n\n\n    <div>\n        <div class=\"wk-panel wk-overlay-hover wk-invisible\">\n\n                        <a class=\"wk-position-cover wk-position-z-index\" href=\"https:\/\/purolatino.es\/cadiz\/de-dos-en-dos\/\" title=\"\u00a1DE DOS EN DOS!\"><\/a>\n            \n            \n                        <div class=\"wk-text-center wk-panel-teaser\"><div class=\"wk-overlay \"><img loading=\"lazy\" decoding=\"async\" src=\"https:\/\/purolatino.es\/cadiz\/wp-content\/uploads\/sites\/10\/2024\/05\/raul-clyde-puro-latino-cadiz-puerto-de-santa-maria.jpg\" class=\" wk-overlay-scale\" alt=\"\u00a1DE DOS EN DOS!\" width=\"1080\" height=\"1080\"><\/div><\/div>\n            \n            \n                        <h3 class=\"wk-h1 wk-margin-top-remove\">\n\n                                    <a class=\"wk-link-reset\" href=\"https:\/\/purolatino.es\/cadiz\/de-dos-en-dos\/\">\u00a1DE DOS EN DOS!<\/a>\n                \n                \n            <\/h3>\n            \n            \n            \n                        <div class=\"wk-margin\">\n<p>El valenciano\u00a0<strong><a href=\"https:\/\/email.cloud.secureclick.net\/c\/5540?id=14020257.53834.1.06c52ad60c14553d78e5516bb4763a4e\" target=\"_blank\" rel=\"noreferrer noopener\">Raul Clyde<\/a><\/strong>\u00a0y el mexicano\u00a0<strong><a href=\"https:\/\/email.cloud.secureclick.net\/c\/5540?id=14020257.53835.1.d2bc52803f351ac3d024e2fe63356469\" target=\"_blank\" rel=\"noreferrer noopener\">Be\u00e9le<\/a><\/strong>\u00a0son las nuevas confirmaciones que se suman a la quinta edici\u00f3n de\u00a0<a href=\"https:\/\/email.cloud.secureclick.net\/c\/5540?id=14020257.53836.1.6102caa1c2319af0ec660d7de97023e2\" target=\"_blank\" rel=\"noreferrer noopener\"><strong>Puro Latino El Puerto de Santa Mar\u00eda Fest<\/strong><\/a>, que tendr\u00e1 lugar el 25 al 27 de julio una edici\u00f3n m\u00e1s en el municipio gaditano. Una fecha que cuenta tambi\u00e9n con la presencia de artistas consagrados como\u00a0<a href=\"https:\/\/email.cloud.secureclick.net\/c\/5540?id=14020257.53837.1.5b785294bfd1309f987ca42275296357\" target=\"_blank\" rel=\"noreferrer noopener\">Maluma<\/a>,\u00a0<a href=\"https:\/\/email.cloud.secureclick.net\/c\/5540?id=14020257.53838.1.f52158ec7d05663c10537d68a5715cee\" target=\"_blank\" rel=\"noreferrer noopener\">Anuel AA<\/a>,\u00a0<a href=\"https:\/\/email.cloud.secureclick.net\/c\/5540?id=14020257.53839.1.2af90cadd061605271db227d707d81b1\" target=\"_blank\" rel=\"noreferrer noopener\">Manuel Turizo<\/a>,\u00a0<a href=\"https:\/\/email.cloud.secureclick.net\/c\/5540?id=14020257.53840.1.8fb1b70b17ec8361b97bbc7094d37f07\" target=\"_blank\" rel=\"noreferrer noopener\">Bryant Myers<\/a>,\u00a0<a href=\"https:\/\/email.cloud.secureclick.net\/c\/5540?id=14020257.53841.1.640cb35e6cb0afbc87e797fbf504e6d6\" target=\"_blank\" rel=\"noreferrer noopener\">Gente de Zona<\/a>,\u00a0<a href=\"https:\/\/email.cloud.secureclick.net\/c\/5540?id=14020257.53842.1.1503d06f4fbbe03e2d6187abd22a7e8c\" target=\"_blank\" rel=\"noreferrer noopener\">Mar\u00eda Becerra<\/a>,\u00a0<a href=\"https:\/\/email.cloud.secureclick.net\/c\/5540?id=14020257.53843.1.f0ff7b99e7d899980d5af094e34bbd84\" target=\"_blank\" rel=\"noreferrer noopener\">El Alfa<\/a>,\u00a0<a href=\"https:\/\/email.cloud.secureclick.net\/c\/5540?id=14020257.53844.1.dc7eb3687bdd9ada17f758073a455c28\" target=\"_blank\" rel=\"noreferrer noopener\">Juan Mag\u00e1n<\/a>,\u00a0<a href=\"https:\/\/email.cloud.secureclick.net\/c\/5540?id=14020257.53845.1.782aafc4792433a6d288956ca813f77a\" target=\"_blank\" rel=\"noreferrer noopener\">Morad<\/a>,\u00a0<a href=\"https:\/\/email.cloud.secureclick.net\/c\/5540?id=14020257.53846.1.4cd1c4f26ed1d7db2a6e4a8d4f3873aa\" target=\"_blank\" rel=\"noreferrer noopener\">Dei V<\/a>,\u00a0<a href=\"https:\/\/email.cloud.secureclick.net\/c\/5540?id=14020257.53847.1.d948955ced2052dea6982d88a12724d1\" target=\"_blank\" rel=\"noreferrer noopener\">Rels B<\/a>,\u00a0<a href=\"https:\/\/email.cloud.secureclick.net\/c\/5540?id=14020257.53848.1.a1a5cf056430f06627a73af1afb44661\" target=\"_blank\" rel=\"noreferrer noopener\">Yandel<\/a>,\u00a0<a href=\"https:\/\/email.cloud.secureclick.net\/c\/5540?id=14020257.53849.1.57f70626e2494451fe59881153f02957\" target=\"_blank\" rel=\"noreferrer noopener\">Saiko<\/a>,\u00a0<a href=\"https:\/\/email.cloud.secureclick.net\/c\/5540?id=14020257.53850.1.39713875c181d8910f845a204f740696\" target=\"_blank\" rel=\"noreferrer noopener\">Rvfv<\/a>,\u00a0<a href=\"https:\/\/email.cloud.secureclick.net\/c\/5540?id=14020257.53851.1.494c16d2e6890e0a9e51b0121e27bd09\" target=\"_blank\" rel=\"noreferrer noopener\">JC Reyes<\/a>,\u00a0<a href=\"https:\/\/email.cloud.secureclick.net\/c\/5540?id=14020257.53852.1.ce353b4b6f22a86c9e92a1421713182f\" target=\"_blank\" rel=\"noreferrer noopener\">Lunay<\/a>\u00a0y Los Marcianos, nombre tras el que encontramos a los afamados productores\u00a0<a href=\"https:\/\/email.cloud.secureclick.net\/c\/5540?id=14020257.53853.1.c1cc88eb8e35dad4fbc99d90bd0ae6b6\" target=\"_blank\" rel=\"noreferrer noopener\">Chris Jedi<\/a>y\u00a0<a href=\"https:\/\/email.cloud.secureclick.net\/c\/5540?id=14020257.53854.1.cf607bb52f6ec810f7cf56ef708b5bf8\" target=\"_blank\" rel=\"noreferrer noopener\">Gaby Music<\/a>. \u00a1Menudo elenco de estrellas!<\/p>\n\n\n\n<\/div>\n            \n            \n                        <p><a class=\"wk-button\" href=\"https:\/\/purolatino.es\/cadiz\/de-dos-en-dos\/\">Leer m\u00e1s<\/a><\/p>\n            \n            \n        <\/div>\n    <\/div>\n\n\n    <div>\n        <div class=\"wk-panel wk-overlay-hover wk-invisible\">\n\n                        <a class=\"wk-position-cover wk-position-z-index\" href=\"https:\/\/purolatino.es\/cadiz\/dos-fichajes-estelares\/\" title=\"\u00a1DOS FICHAJES\u00a0ESTELARES!\"><\/a>\n            \n            \n                        <div class=\"wk-text-center wk-panel-teaser\"><div class=\"wk-overlay \"><img loading=\"lazy\" decoding=\"async\" src=\"https:\/\/purolatino.es\/cadiz\/wp-content\/uploads\/sites\/10\/2024\/04\/lunay-puro-latino-puerto-de-santa-maria.jpeg\" class=\" wk-overlay-scale\" alt=\"\u00a1DOS FICHAJES\u00a0ESTELARES!\" width=\"1080\" height=\"1080\"><\/div><\/div>\n            \n            \n                        <h3 class=\"wk-h1 wk-margin-top-remove\">\n\n                                    <a class=\"wk-link-reset\" href=\"https:\/\/purolatino.es\/cadiz\/dos-fichajes-estelares\/\">\u00a1DOS FICHAJES\u00a0ESTELARES!<\/a>\n                \n                \n            <\/h3>\n            \n            \n            \n                        <div class=\"wk-margin\">\n<p>El joven astro puertorrique\u00f1o\u00a0<a href=\"https:\/\/email.cloud.secureclick.net\/c\/5540?id=13999257.53571.1.33593445c143735367aa816175799487\" target=\"_blank\" rel=\"noreferrer noopener\">Lunay<\/a>\u00a0y Los Marcianos, el proyecto conjunto de los tambi\u00e9n puertorrique\u00f1os\u00a0<a href=\"https:\/\/email.cloud.secureclick.net\/c\/5540?id=13999257.53572.1.e12e0d48ab3f76748301712382ecaf5b\" target=\"_blank\" rel=\"noreferrer noopener\">Chris Jedi<\/a>\u00a0y\u00a0<a href=\"https:\/\/email.cloud.secureclick.net\/c\/5540?id=13999257.53573.1.4417bdbf9e59f1b2bfff8b0656b2fffe\" target=\"_blank\" rel=\"noreferrer noopener\">Gaby Music<\/a>, productores de \u00e9xitos de artistas como Anuel AA, Rosal\u00eda, Daddy Yankee, Don Omar, Bad Bunny y Ozuna, entre otros much\u00edsimos artistas, son las nuevas confirmaciones de la quinta edici\u00f3n de\u00a0<a href=\"https:\/\/email.cloud.secureclick.net\/c\/5540?id=13999257.53574.1.a017f1488f94f01da2b7451b62026559\" target=\"_blank\" rel=\"noreferrer noopener\"><strong>Puro Latino El Puerto de Santa Mar\u00eda Fest<\/strong><\/a>, a celebrar del 25 al 27 de julio un a\u00f1o m\u00e1s en la localidad gaditana. Una cita cada m\u00e1s y m\u00e1s abultada que, hasta el momento, cuenta tambi\u00e9n con las ilustres presencias de\u00a0<a href=\"https:\/\/email.cloud.secureclick.net\/c\/5540?id=13999257.53575.1.ed15486d76b79114dab335161da0ae4e\" target=\"_blank\" rel=\"noreferrer noopener\">Maluma<\/a>,\u00a0<a href=\"https:\/\/email.cloud.secureclick.net\/c\/5540?id=13999257.53576.1.ad3241aab0023af5abc6897440d58048\" target=\"_blank\" rel=\"noreferrer noopener\">Anuel AA<\/a>,\u00a0<a href=\"https:\/\/email.cloud.secureclick.net\/c\/5540?id=13999257.53577.1.18cf077fd1d7d6cb971f0cf08ed388ae\" target=\"_blank\" rel=\"noreferrer noopener\">Manuel Turizo<\/a>,\u00a0<a href=\"https:\/\/email.cloud.secureclick.net\/c\/5540?id=13999257.53578.1.44fc79e3556503725dc299891182d01a\" target=\"_blank\" rel=\"noreferrer noopener\">Bryant Myers<\/a>,\u00a0<a href=\"https:\/\/email.cloud.secureclick.net\/c\/5540?id=13999257.53579.1.9089f25239801321203b3aa2716ac6e0\" target=\"_blank\" rel=\"noreferrer noopener\">Gente de Zona<\/a>,\u00a0<a href=\"https:\/\/email.cloud.secureclick.net\/c\/5540?id=13999257.53580.1.8cca675a6d74a31d7572a604657ae1a0\" target=\"_blank\" rel=\"noreferrer noopener\">Mar\u00eda Becerra<\/a>,\u00a0<a href=\"https:\/\/email.cloud.secureclick.net\/c\/5540?id=13999257.53581.1.3c9c959d8c95a830549ace79275380b7\" target=\"_blank\" rel=\"noreferrer noopener\">El Alfa<\/a>,\u00a0<a href=\"https:\/\/email.cloud.secureclick.net\/c\/5540?id=13999257.53582.1.7a6814fc26d273348b30ca75d8a3914a\" target=\"_blank\" rel=\"noreferrer noopener\">Juan Mag\u00e1n<\/a>,\u00a0<a href=\"https:\/\/email.cloud.secureclick.net\/c\/5540?id=13999257.53583.1.122b32fce75737aec263d22ac0765be2\" target=\"_blank\" rel=\"noreferrer noopener\">Morad<\/a>,\u00a0<a href=\"https:\/\/email.cloud.secureclick.net\/c\/5540?id=13999257.53584.1.e6b3667aeac24520855ead7f76dc11ef\" target=\"_blank\" rel=\"noreferrer noopener\">Dei V<\/a>,\u00a0<a href=\"https:\/\/email.cloud.secureclick.net\/c\/5540?id=13999257.53585.1.b34685dd0eba5e14bbc14559ea6045fc\" target=\"_blank\" rel=\"noreferrer noopener\">Rels B<\/a>,\u00a0<a href=\"https:\/\/email.cloud.secureclick.net\/c\/5540?id=13999257.53586.1.17229b9fa23f59855f73367a723697a2\" target=\"_blank\" rel=\"noreferrer noopener\">Yandel<\/a>,\u00a0<a href=\"https:\/\/email.cloud.secureclick.net\/c\/5540?id=13999257.53587.1.507be2cd0fa5ffacc7406d2a44f1a97f\" target=\"_blank\" rel=\"noreferrer noopener\">Saiko<\/a>,\u00a0<a href=\"https:\/\/email.cloud.secureclick.net\/c\/5540?id=13999257.53588.1.25bcb1f10dbe3d366c0cb35902766cd8\" target=\"_blank\" rel=\"noreferrer noopener\">Rvfv<\/a>\u00a0y\u00a0<a href=\"https:\/\/email.cloud.secureclick.net\/c\/5540?id=13999257.53589.1.16695922f74ef02fe399083f7c57b292\" target=\"_blank\" rel=\"noreferrer noopener\">JC Reyes<\/a>.<\/p>\n\n\n\n<\/div>\n            \n            \n                        <p><a class=\"wk-button\" href=\"https:\/\/purolatino.es\/cadiz\/dos-fichajes-estelares\/\">Leer m\u00e1s<\/a><\/p>\n            \n            \n        <\/div>\n    <\/div>\n\n\n    <div>\n        <div class=\"wk-panel wk-overlay-hover wk-invisible\">\n\n                        <a class=\"wk-position-cover wk-position-z-index\" href=\"https:\/\/purolatino.es\/cadiz\/llega-morad\/\" title=\"\u00a1LLEGA\u00a0MORAD!\"><\/a>\n            \n            \n                        <div class=\"wk-text-center wk-panel-teaser\"><div class=\"wk-overlay \"><img loading=\"lazy\" decoding=\"async\" src=\"https:\/\/purolatino.es\/cadiz\/wp-content\/uploads\/sites\/10\/2024\/04\/morad-puerto-de-santa-maria-puro-latino.jpg\" class=\" wk-overlay-scale\" alt=\"\u00a1LLEGA\u00a0MORAD!\" width=\"1080\" height=\"1080\"><\/div><\/div>\n            \n            \n                        <h3 class=\"wk-h1 wk-margin-top-remove\">\n\n                                    <a class=\"wk-link-reset\" href=\"https:\/\/purolatino.es\/cadiz\/llega-morad\/\">\u00a1LLEGA\u00a0MORAD!<\/a>\n                \n                \n            <\/h3>\n            \n            \n            \n                        <div class=\"wk-margin\">\n<p><a href=\"https:\/\/email.cloud.secureclick.net\/c\/5540?id=13935314.52974.1.3b0c95e40782043978fdf1ae04d71bfe\" target=\"_blank\" rel=\"noreferrer noopener\">Morad<\/a>\u00a0es la nueva incorporaci\u00f3n a la cada vez m\u00e1s abultada y estelar quinta edici\u00f3n de\u00a0<a href=\"https:\/\/email.cloud.secureclick.net\/c\/5540?id=13935314.52975.1.aeae0d2ed0caad5bb35b496298337f2a\" target=\"_blank\" rel=\"noreferrer noopener\"><strong>Puro Latino El Puerto de Santa Mar\u00eda Fest<\/strong><\/a>, a celebrar del 25 al 27 de julio un a\u00f1o m\u00e1s en la localidad gaditana. Una cita que, recordemos, contaba ya hasta el momento con otros nombres tan destacados como\u00a0<a href=\"https:\/\/email.cloud.secureclick.net\/c\/5540?id=13935314.52976.1.426cf5c46d1af4e0396c15d20c026a86\" target=\"_blank\" rel=\"noreferrer noopener\">Maluma<\/a>,\u00a0<a href=\"https:\/\/email.cloud.secureclick.net\/c\/5540?id=13935314.52977.1.97b928db74f465261f0ec8cd2c2cb63f\" target=\"_blank\" rel=\"noreferrer noopener\">Anuel AA<\/a>,\u00a0<a href=\"https:\/\/email.cloud.secureclick.net\/c\/5540?id=13935314.52978.1.0ed6b09f740c956c4852e9de45e6b221\" target=\"_blank\" rel=\"noreferrer noopener\">Manuel Turizo<\/a>,\u00a0<a href=\"https:\/\/email.cloud.secureclick.net\/c\/5540?id=13935314.52979.1.a6d7bb014174c5fe305611b230666196\" target=\"_blank\" rel=\"noreferrer noopener\">Bryant Myers<\/a>,\u00a0<a href=\"https:\/\/email.cloud.secureclick.net\/c\/5540?id=13935314.52980.1.e3db991a70da53e8ba9db14be0858a92\" target=\"_blank\" rel=\"noreferrer noopener\">Gente de Zona<\/a>,\u00a0<a href=\"https:\/\/email.cloud.secureclick.net\/c\/5540?id=13935314.52981.1.ace50207bad46dc61c3e33221769fdb0\" target=\"_blank\" rel=\"noreferrer noopener\">Mar\u00eda Becerra<\/a>,\u00a0<a href=\"https:\/\/email.cloud.secureclick.net\/c\/5540?id=13935314.52982.1.4df8acdbb5c849a8ae9eb222aac4a5f7\" target=\"_blank\" rel=\"noreferrer noopener\">El Alfa<\/a>,\u00a0<a href=\"https:\/\/email.cloud.secureclick.net\/c\/5540?id=13935314.52983.1.1f35c86c28e7fb1c632e75cff321a727\" target=\"_blank\" rel=\"noreferrer noopener\">Juan Mag\u00e1n<\/a>,\u00a0<a href=\"https:\/\/email.cloud.secureclick.net\/c\/5540?id=13935314.52984.1.a46a8dec52a96d687663fb914213bf7b\" target=\"_blank\" rel=\"noreferrer noopener\">Dei V<\/a>,\u00a0<a href=\"https:\/\/email.cloud.secureclick.net\/c\/5540?id=13935314.52985.1.a4966ba2fcef6e70b97c0288d854d668\" target=\"_blank\" rel=\"noreferrer noopener\">Rels B<\/a>,\u00a0<a href=\"https:\/\/email.cloud.secureclick.net\/c\/5540?id=13935314.52986.1.c4d7bae449a10fba35d4c2c7f2059ab9\" target=\"_blank\" rel=\"noreferrer noopener\">Yandel<\/a>,\u00a0<a href=\"https:\/\/email.cloud.secureclick.net\/c\/5540?id=13935314.52987.1.b6246fb942a92006d132dcea50864fd5\" target=\"_blank\" rel=\"noreferrer noopener\">Saiko<\/a>,\u00a0<a href=\"https:\/\/email.cloud.secureclick.net\/c\/5540?id=13935314.52988.1.78f5766ddb340f488fc9af92f326aedc\" target=\"_blank\" rel=\"noreferrer noopener\">Rvfv<\/a>\u00a0y\u00a0<a href=\"https:\/\/email.cloud.secureclick.net\/c\/5540?id=13935314.52989.1.6fb8c7413ea345ae269ff729d67d03fd\" target=\"_blank\" rel=\"noreferrer noopener\">JC Reyes<\/a>. \u00a1Y pr\u00f3ximamente nuevas sorpresas!<\/p>\n\n\n\n<\/div>\n            \n            \n                        <p><a class=\"wk-button\" href=\"https:\/\/purolatino.es\/cadiz\/llega-morad\/\">Leer m\u00e1s<\/a><\/p>\n            \n            \n        <\/div>\n    <\/div>\n\n\n    <div>\n        <div class=\"wk-panel wk-overlay-hover wk-invisible\">\n\n                        <a class=\"wk-position-cover wk-position-z-index\" href=\"https:\/\/purolatino.es\/cadiz\/bienvenida-maria-becerra\/\" title=\"\u00a1BIENVENIDA,\u00a0MAR\u00cdA BECERRA!\"><\/a>\n            \n            \n                        <div class=\"wk-text-center wk-panel-teaser\"><div class=\"wk-overlay \"><img loading=\"lazy\" decoding=\"async\" src=\"https:\/\/purolatino.es\/cadiz\/wp-content\/uploads\/sites\/10\/2024\/04\/maria-becerra-el-puerto-de-santa-maria-puro-latino.jpeg\" class=\" wk-overlay-scale\" alt=\"\u00a1BIENVENIDA,\u00a0MAR\u00cdA BECERRA!\" width=\"1080\" height=\"1080\"><\/div><\/div>\n            \n            \n                        <h3 class=\"wk-h1 wk-margin-top-remove\">\n\n                                    <a class=\"wk-link-reset\" href=\"https:\/\/purolatino.es\/cadiz\/bienvenida-maria-becerra\/\">\u00a1BIENVENIDA,\u00a0MAR\u00cdA BECERRA!<\/a>\n                \n                \n            <\/h3>\n            \n            \n            \n                        <div class=\"wk-margin\">\n<p>La argentina\u00a0<a href=\"https:\/\/email.cloud.secureclick.net\/c\/5540?id=13837657.51876.1.98603904bd0e4b70ea1b19e98acb499e\" target=\"_blank\" rel=\"noreferrer noopener\">Mar\u00eda Becerra<\/a>\u00a0es la nueva estrella internacional en incorporarse a la quinta edici\u00f3n de\u00a0<a href=\"https:\/\/email.cloud.secureclick.net\/c\/5540?id=13837657.51877.1.83d7453279a216431307ef025432d58c\" target=\"_blank\" rel=\"noreferrer noopener\"><strong>Puro Latino El Puerto de Santa Mar\u00eda Fest<\/strong><\/a>, a celebrar del 25 al 27 de julio un a\u00f1o m\u00e1s en la localidad gaditana. Una cita cada vez m\u00e1s concurrida que cuenta tambi\u00e9n, hasta el momento, con otros astros de la escena latina m\u00e1s actual como\u00a0<a href=\"https:\/\/email.cloud.secureclick.net\/c\/5540?id=13837657.51878.1.eb47d0cf90518e75e905eaa8534f4cc2\" target=\"_blank\" rel=\"noreferrer noopener\">Maluma<\/a>,\u00a0<a href=\"https:\/\/email.cloud.secureclick.net\/c\/5540?id=13837657.51879.1.883312dd7cce16e8e107499229a95cb2\" target=\"_blank\" rel=\"noreferrer noopener\">Manuel Turizo<\/a>,\u00a0<a href=\"https:\/\/email.cloud.secureclick.net\/c\/5540?id=13837657.51880.1.42c200e8288a55f0ab59600ec647d3df\" target=\"_blank\" rel=\"noreferrer noopener\">Bryant Myers<\/a>,\u00a0<a href=\"https:\/\/email.cloud.secureclick.net\/c\/5540?id=13837657.51881.1.577556d9fb5d8d94fe5a1d4f3734a7c4\" target=\"_blank\" rel=\"noreferrer noopener\">El Alfa<\/a>,\u00a0<a href=\"https:\/\/email.cloud.secureclick.net\/c\/5540?id=13837657.51882.1.6e5ecc7ebd3db2f73a5932c46ac841c0\" target=\"_blank\" rel=\"noreferrer noopener\">Dei V<\/a>,\u00a0<a href=\"https:\/\/email.cloud.secureclick.net\/c\/5540?id=13837657.51883.1.8739c8d7254cbd94a4e00742778ff8b3\" target=\"_blank\" rel=\"noreferrer noopener\">Rels B<\/a>,\u00a0<a href=\"https:\/\/email.cloud.secureclick.net\/c\/5540?id=13837657.51884.1.aeccebae21834dac54cf3107bb5a6f4c\" target=\"_blank\" rel=\"noreferrer noopener\">Yandel<\/a>,\u00a0<a href=\"https:\/\/email.cloud.secureclick.net\/c\/5540?id=13837657.51885.1.0047ef79b6cb4f0469a13803769854c0\" target=\"_blank\" rel=\"noreferrer noopener\">Saiko<\/a>,\u00a0<a href=\"https:\/\/email.cloud.secureclick.net\/c\/5540?id=13837657.51886.1.b2b732abfdc5e606256f0f1dc9c95002\" target=\"_blank\" rel=\"noreferrer noopener\">Rvfv<\/a>\u00a0y\u00a0<a href=\"https:\/\/email.cloud.secureclick.net\/c\/5540?id=13837657.51887.1.7eb3e87dbc0dc2e6523b1aac183708ef\" target=\"_blank\" rel=\"noreferrer noopener\">JC Reyes<\/a>. \u00a1Y pr\u00f3ximamente llegar\u00e1n m\u00e1s!<\/p>\n\n\n\n<\/div>\n            \n            \n                        <p><a class=\"wk-button\" href=\"https:\/\/purolatino.es\/cadiz\/bienvenida-maria-becerra\/\">Leer m\u00e1s<\/a><\/p>\n            \n            \n        <\/div>\n    <\/div>\n\n\n    <div>\n        <div class=\"wk-panel wk-overlay-hover wk-invisible\">\n\n                        <a class=\"wk-position-cover wk-position-z-index\" href=\"https:\/\/purolatino.es\/cadiz\/bienvenido-manuel-turizo\/\" title=\"\u00a1BIENVENIDO,\u00a0MANUEL TURIZO!\"><\/a>\n            \n            \n                        <div class=\"wk-text-center wk-panel-teaser\"><div class=\"wk-overlay \"><img loading=\"lazy\" decoding=\"async\" src=\"https:\/\/purolatino.es\/cadiz\/wp-content\/uploads\/sites\/10\/2024\/04\/mauel-turizo-puro-latino-puerto-de-santa-maria.jpeg\" class=\" wk-overlay-scale\" alt=\"\u00a1BIENVENIDO,\u00a0MANUEL TURIZO!\" width=\"1080\" height=\"1080\"><\/div><\/div>\n            \n            \n                        <h3 class=\"wk-h1 wk-margin-top-remove\">\n\n                                    <a class=\"wk-link-reset\" href=\"https:\/\/purolatino.es\/cadiz\/bienvenido-manuel-turizo\/\">\u00a1BIENVENIDO,\u00a0MANUEL TURIZO!<\/a>\n                \n                \n            <\/h3>\n            \n            \n            \n                        <div class=\"wk-margin\">\n<p>El astro colombiano\u00a0<a href=\"https:\/\/email.cloud.secureclick.net\/c\/5540?id=13722814.51333.1.81a295f642b8f17f532f502ce193b348\" target=\"_blank\" rel=\"noreferrer noopener\">Manuel Turizo<\/a>\u00a0es la flamante incorporaci\u00f3n a la quinta edici\u00f3n de\u00a0<a href=\"https:\/\/email.cloud.secureclick.net\/c\/5540?id=13722814.51334.1.32189fd3e95e42eef24633df72adc96b\" target=\"_blank\" rel=\"noreferrer noopener\"><strong>Puro Latino El Puerto de Santa Mar\u00eda Fest<\/strong><\/a>, a celebrar del 25 al 27 de julio un a\u00f1o m\u00e1s en la localidad gaditana y que contaba ya en su fabuloso cartel con otros astros como\u00a0<a href=\"https:\/\/email.cloud.secureclick.net\/c\/5540?id=13722814.51335.1.d7d57b110b3a276fa8b39ee27a22d130\" target=\"_blank\" rel=\"noreferrer noopener\">Maluma<\/a>,\u00a0<a href=\"https:\/\/email.cloud.secureclick.net\/c\/5540?id=13722814.51336.1.44b1da440cc6396562ff908b3cbcbab2\" target=\"_blank\" rel=\"noreferrer noopener\">Bryant Myers<\/a>,\u00a0<a href=\"https:\/\/email.cloud.secureclick.net\/c\/5540?id=13722814.51337.1.84f561b3a4645664a5cad087085f1c94\" target=\"_blank\" rel=\"noreferrer noopener\">El Alfa<\/a>,\u00a0<a href=\"https:\/\/email.cloud.secureclick.net\/c\/5540?id=13722814.51338.1.22d97d7026f52aa03e75850286a23330\" target=\"_blank\" rel=\"noreferrer noopener\">Dei V<\/a>,\u00a0<a href=\"https:\/\/email.cloud.secureclick.net\/c\/5540?id=13722814.51339.1.ddef0498c27f24b73bb3955188a56c60\" target=\"_blank\" rel=\"noreferrer noopener\">Rels B<\/a>,\u00a0<a href=\"https:\/\/email.cloud.secureclick.net\/c\/5540?id=13722814.51340.1.823a15c4d4234c056fb73c4dc51044d6\" target=\"_blank\" rel=\"noreferrer noopener\">Yandel<\/a>,\u00a0<a href=\"https:\/\/email.cloud.secureclick.net\/c\/5540?id=13722814.51341.1.956b5774e179fb882f6bd3fb6a3e262a\" target=\"_blank\" rel=\"noreferrer noopener\">Saiko<\/a>,\u00a0<a href=\"https:\/\/email.cloud.secureclick.net\/c\/5540?id=13722814.51342.1.68f9dc6d1b078cf932f463d901b342dc\" target=\"_blank\" rel=\"noreferrer noopener\">Rvfv<\/a>\u00a0y\u00a0<a href=\"https:\/\/email.cloud.secureclick.net\/c\/5540?id=13722814.51343.1.ced15b20e1930acc49ad1b88243c9c05\" target=\"_blank\" rel=\"noreferrer noopener\">JC Reyes<\/a>. \u00a1Y pr\u00f3ximamente, m\u00e1s artistas!<\/p>\n\n\n\n<\/div>\n            \n            \n                        <p><a class=\"wk-button\" href=\"https:\/\/purolatino.es\/cadiz\/bienvenido-manuel-turizo\/\">Leer m\u00e1s<\/a><\/p>\n            \n            \n        <\/div>\n    <\/div>\n\n\n    <div>\n        <div class=\"wk-panel wk-overlay-hover wk-invisible\">\n\n                        <a class=\"wk-position-cover wk-position-z-index\" href=\"https:\/\/purolatino.es\/cadiz\/maluma-baby\/\" title=\"\u00a1MALUMA, BABY!\"><\/a>\n            \n            \n                        <div class=\"wk-text-center wk-panel-teaser\"><div class=\"wk-overlay \"><img loading=\"lazy\" decoding=\"async\" src=\"https:\/\/purolatino.es\/cadiz\/wp-content\/uploads\/sites\/10\/2024\/03\/0e5aa5cd-4666-4837-8fb9-0c13d08c97d7.jpeg\" class=\" wk-overlay-scale\" alt=\"\u00a1MALUMA, BABY!\" width=\"1080\" height=\"1080\"><\/div><\/div>\n            \n            \n                        <h3 class=\"wk-h1 wk-margin-top-remove\">\n\n                                    <a class=\"wk-link-reset\" href=\"https:\/\/purolatino.es\/cadiz\/maluma-baby\/\">\u00a1MALUMA, BABY!<\/a>\n                \n                \n            <\/h3>\n            \n            \n            \n                        <div class=\"wk-margin\">\n<p>La megaestrella colombiana Maluma es la nueva y espectacular incorporaci\u00f3n a la quinta edici\u00f3n de Puro Latino El Puerto de Santa Mar\u00eda Fest, a celebrar del 25 al 27 de julio un a\u00f1o m\u00e1s en la localidad gaditana y que contaba ya en su fabuloso cartel con otros astros como Bryant Myers, El Alfa, Dei V, Rels B, Yandel, Saiko, Rvfv y JC Reyes. \u00a1Y pr\u00f3ximamente, m\u00e1s artistas!<\/p>\n\n\n\n<\/div>\n            \n            \n                        <p><a class=\"wk-button\" href=\"https:\/\/purolatino.es\/cadiz\/maluma-baby\/\">Leer m\u00e1s<\/a><\/p>\n            \n            \n        <\/div>\n    <\/div>\n\n\n    <div>\n        <div class=\"wk-panel wk-overlay-hover wk-invisible\">\n\n                        <a class=\"wk-position-cover wk-position-z-index\" href=\"https:\/\/purolatino.es\/cadiz\/bryant-meyers-otro-pana-bienvenido\/\" title=\"BRYANT MEYERS,\u00a0\u00a1OTRO PANA BIENVENIDO!\"><\/a>\n            \n            \n                        <div class=\"wk-text-center wk-panel-teaser\"><div class=\"wk-overlay \"><img loading=\"lazy\" decoding=\"async\" src=\"https:\/\/purolatino.es\/cadiz\/wp-content\/uploads\/sites\/10\/2024\/02\/bryant-myers-puro-latino-cadiz-puerto-de-santa-maria.jpg\" class=\" wk-overlay-scale\" alt=\"BRYANT MEYERS,\u00a0\u00a1OTRO PANA BIENVENIDO!\" width=\"1080\" height=\"1080\"><\/div><\/div>\n            \n            \n                        <h3 class=\"wk-h1 wk-margin-top-remove\">\n\n                                    <a class=\"wk-link-reset\" href=\"https:\/\/purolatino.es\/cadiz\/bryant-meyers-otro-pana-bienvenido\/\">BRYANT MEYERS,\u00a0\u00a1OTRO PANA BIENVENIDO!<\/a>\n                \n                \n            <\/h3>\n            \n            \n            \n                        <div class=\"wk-margin\">\n<p>El puertorrique\u00f1o Bryant Myers, todo un referente en la escena urban internacional, se une a la quinta edici\u00f3n de Puro Latino El Puerto de Santa Mar\u00eda Fest, que se celebrar\u00e1 del 25 al 27 de julio de nuevo en la localidad gaditana.Con \u00e9l se siguen sumando nombres estelares a su cartel, que ya contaba como artistas confirmados con El Alfa, Dei V, Rels B, Yandel, Saiko, Rvfv y JC Reyes. \u00a1Y pr\u00f3ximamente, m\u00e1s artistas<\/p>\n\n\n\n<\/div>\n            \n            \n                        <p><a class=\"wk-button\" href=\"https:\/\/purolatino.es\/cadiz\/bryant-meyers-otro-pana-bienvenido\/\">Leer m\u00e1s<\/a><\/p>\n            \n            \n        <\/div>\n    <\/div>\n\n\n    <div>\n        <div class=\"wk-panel wk-overlay-hover wk-invisible\">\n\n                        <a class=\"wk-position-cover wk-position-z-index\" href=\"https:\/\/purolatino.es\/cadiz\/el-alfa-tacata-y-fuga\/\" title=\"EL ALFA,\u00a0TACATA Y FUGA\"><\/a>\n            \n            \n                        <div class=\"wk-text-center wk-panel-teaser\"><div class=\"wk-overlay \"><img loading=\"lazy\" decoding=\"async\" src=\"https:\/\/purolatino.es\/cadiz\/wp-content\/uploads\/sites\/10\/2024\/02\/EL-ALFA-puro-latino-cadiz-puerto-de-santa-maria.jpeg\" class=\" wk-overlay-scale\" alt=\"EL ALFA,\u00a0TACATA Y FUGA\" width=\"1080\" height=\"1080\"><\/div><\/div>\n            \n            \n                        <h3 class=\"wk-h1 wk-margin-top-remove\">\n\n                                    <a class=\"wk-link-reset\" href=\"https:\/\/purolatino.es\/cadiz\/el-alfa-tacata-y-fuga\/\">EL ALFA,\u00a0TACATA Y FUGA<\/a>\n                \n                \n            <\/h3>\n            \n            \n            \n                        <div class=\"wk-margin\">\n<p>El cantante y productor dominicano El Alfa, que ha llevado el g\u00e9nero del dembow a lo m\u00e1s alto de las listas de \u00e9xito gracias a hits como \u00abTacata\u00bb, se une a la quinta edici\u00f3n de Puro Latino El Puerto de Santa Mar\u00eda Fest, que se celebrar\u00e1 del 25 al 27 de julio de nuevo en la localidad gaditana. Con \u00e9l se siguen sumando nuevos y estelares nombres a su cartel y se une as\u00ed a los ya confirmados Dei V, Rels B, Yandel, Saiko, Rvfv y JC Reyes. \u00a1Y pr\u00f3ximamente, m\u00e1s artistas! \u00a1Que el ritmo no pare!<\/p>\n\n\n\n<\/div>\n            \n            \n                        <p><a class=\"wk-button\" href=\"https:\/\/purolatino.es\/cadiz\/el-alfa-tacata-y-fuga\/\">Leer m\u00e1s<\/a><\/p>\n            \n            \n        <\/div>\n    <\/div>\n\n\n    <div>\n        <div class=\"wk-panel wk-overlay-hover wk-invisible\">\n\n                        <a class=\"wk-position-cover wk-position-z-index\" href=\"https:\/\/purolatino.es\/cadiz\/rels-b-a-bordo\/\" title=\"\u00a1RELS B, A BORDO!\"><\/a>\n            \n            \n                        <div class=\"wk-text-center wk-panel-teaser\"><div class=\"wk-overlay \"><img loading=\"lazy\" decoding=\"async\" src=\"https:\/\/purolatino.es\/cadiz\/wp-content\/uploads\/sites\/10\/2024\/01\/RebelsB_PuroLatino_puertodesantamaria_cadiz.jpeg\" class=\" wk-overlay-scale\" alt=\"\u00a1RELS B, A BORDO!\" width=\"1080\" height=\"1080\"><\/div><\/div>\n            \n            \n                        <h3 class=\"wk-h1 wk-margin-top-remove\">\n\n                                    <a class=\"wk-link-reset\" href=\"https:\/\/purolatino.es\/cadiz\/rels-b-a-bordo\/\">\u00a1RELS B, A BORDO!<\/a>\n                \n                \n            <\/h3>\n            \n            \n            \n                        <div class=\"wk-margin\">\n<p>La quinta edici\u00f3n de\u00a0<a href=\"https:\/\/purolatino.es\/cadiz\/\" target=\"_blank\" rel=\"noreferrer noopener\"><strong>Puro Latino El Puerto de Santa Mar\u00eda Fest<\/strong><\/a>, a celebrar del 25 al 27 de julio de nuevo en la localidad gaditana, sigue sumando nuevos nombres a su cartel:\u00a0<a href=\"https:\/\/open.spotify.com\/intl-es\/artist\/2IMZYfNi21MGqxopj9fWx8?si=xpgi9OV4T0q59B35DZYWIw\" target=\"_blank\" rel=\"noreferrer noopener\">Rels B<\/a>, uno de los fen\u00f3menos urban m\u00e1s cotizados de nuestra escena, es la nueva incorporaci\u00f3n. El mallorqu\u00edn se une as\u00ed a los ya confirmados\u00a0<a href=\"https:\/\/open.spotify.com\/intl-es\/artist\/0eHQ9o50hj6ZDNBt6Ys1sD?si=vmMK9QNFTOe52gNJbbvaPQ\" target=\"_blank\" rel=\"noreferrer noopener\">Yandel<\/a>,\u00a0<a href=\"https:\/\/open.spotify.com\/intl-es\/artist\/2O8vbr4RYPpk6MRA4fio7u?si=jQcNGfJcRMuH83Mj12c_gg\" target=\"_blank\" rel=\"noreferrer noopener\">Saiko<\/a>,\u00a0<a href=\"https:\/\/open.spotify.com\/intl-es\/artist\/2CCgb0KApjfQDuTppovpf8?si=1d40f27e56494e27\" target=\"_blank\" rel=\"noreferrer noopener\">Rvfv<\/a>\u00a0y\u00a0<a href=\"https:\/\/open.spotify.com\/intl-es\/artist\/0FwnPHExlRRxEZPLAi5tmG?si=vqzg-97xQLCz4SYCjy7ctA\" target=\"_blank\" rel=\"noreferrer noopener\">JC Reyes<\/a>. \u00a1Y pr\u00f3ximamente, m\u00e1s artistas! \u00a1Que el ritmo no pare!<\/p>\n\n\n\n<\/div>\n            \n            \n                        <p><a class=\"wk-button\" href=\"https:\/\/purolatino.es\/cadiz\/rels-b-a-bordo\/\">Leer m\u00e1s<\/a><\/p>\n            \n            \n        <\/div>\n    <\/div>\n\n\n    <div>\n        <div class=\"wk-panel wk-overlay-hover wk-invisible\">\n\n                        <a class=\"wk-position-cover wk-position-z-index\" href=\"https:\/\/purolatino.es\/cadiz\/bienvenido-saiko\/\" title=\"\u00a1BIENVENIDO, SAIKO!\"><\/a>\n            \n            \n                        <div class=\"wk-text-center wk-panel-teaser\"><div class=\"wk-overlay \"><img loading=\"lazy\" decoding=\"async\" src=\"https:\/\/purolatino.es\/cadiz\/wp-content\/uploads\/sites\/10\/2023\/12\/saiko.jpeg\" class=\" wk-overlay-scale\" alt=\"\u00a1BIENVENIDO, SAIKO!\" width=\"1080\" height=\"1080\"><\/div><\/div>\n            \n            \n                        <h3 class=\"wk-h1 wk-margin-top-remove\">\n\n                                    <a class=\"wk-link-reset\" href=\"https:\/\/purolatino.es\/cadiz\/bienvenido-saiko\/\">\u00a1BIENVENIDO, SAIKO!<\/a>\n                \n                \n            <\/h3>\n            \n            \n            \n                        <div class=\"wk-margin\">\n<p>La quinta edici\u00f3n de\u00a0<a href=\"https:\/\/purolatino.es\/cadiz\/\" target=\"_blank\" rel=\"noreferrer noopener\"><strong>Puro Latino El Puerto de Santa Mar\u00eda Fest<\/strong><\/a>, a celebrar del 25 al 27 de julio de nuevo en la localidad gaditana, sigue sumando nuevos nombres a su cartel:\u00a0<a href=\"https:\/\/open.spotify.com\/intl-es\/artist\/2O8vbr4RYPpk6MRA4fio7u?si=jQcNGfJcRMuH83Mj12c_gg\" target=\"_blank\" rel=\"noreferrer noopener\">Saiko<\/a>, el jovenc\u00edsimo artista que no para de romper r\u00e9cords y uno de los art\u00edficea del monumental \u00e9xito de\u00a0<a href=\"https:\/\/open.spotify.com\/intl-es\/track\/0EhuGnOS6fTc5l5UNtDEH2?si=ff8a5b8fadb84fb4\" target=\"_blank\" rel=\"noreferrer noopener\">\u00abPolaris Remix\u00bb<\/a>, se une a los ya confirmados\u00a0<a href=\"https:\/\/open.spotify.com\/intl-es\/artist\/0eHQ9o50hj6ZDNBt6Ys1sD?si=vmMK9QNFTOe52gNJbbvaPQ\" target=\"_blank\" rel=\"noreferrer noopener\">Yandel<\/a>,\u00a0<a href=\"https:\/\/open.spotify.com\/intl-es\/artist\/2CCgb0KApjfQDuTppovpf8?si=1d40f27e56494e27\" target=\"_blank\" rel=\"noreferrer noopener\">Rvfv<\/a>\u00a0y\u00a0<a href=\"https:\/\/open.spotify.com\/intl-es\/artist\/0FwnPHExlRRxEZPLAi5tmG?si=vqzg-97xQLCz4SYCjy7ctA\" target=\"_blank\" rel=\"noreferrer noopener\">JC Reyes<\/a>. \u00a1Y pr\u00f3ximamente m\u00e1s artistas! \u00a1Que el ritmo no pare!<\/p>\n\n\n\n<\/div>\n            \n            \n                        <p><a class=\"wk-button\" href=\"https:\/\/purolatino.es\/cadiz\/bienvenido-saiko\/\">Leer m\u00e1s<\/a><\/p>\n            \n            \n        <\/div>\n    <\/div>\n\n\n    <div>\n        <div class=\"wk-panel wk-overlay-hover wk-invisible\">\n\n                        <a class=\"wk-position-cover wk-position-z-index\" href=\"https:\/\/purolatino.es\/cadiz\/bienvenido-jc-reyes\/\" title=\"\u00a1BIENVENIDO,\u00a0JC REYES!\"><\/a>\n            \n            \n                        <div class=\"wk-text-center wk-panel-teaser\"><div class=\"wk-overlay \"><img loading=\"lazy\" decoding=\"async\" src=\"https:\/\/purolatino.es\/cadiz\/wp-content\/uploads\/sites\/10\/2023\/11\/JCreyes_post_CADIZ.jpg\" class=\" wk-overlay-scale\" alt=\"\u00a1BIENVENIDO,\u00a0JC REYES!\" width=\"1080\" height=\"1080\"><\/div><\/div>\n            \n            \n                        <h3 class=\"wk-h1 wk-margin-top-remove\">\n\n                                    <a class=\"wk-link-reset\" href=\"https:\/\/purolatino.es\/cadiz\/bienvenido-jc-reyes\/\">\u00a1BIENVENIDO,\u00a0JC REYES!<\/a>\n                \n                \n            <\/h3>\n            \n            \n            \n                        <div class=\"wk-margin\">\n<p>La quinta edici\u00f3n de\u00a0<a href=\"https:\/\/purolatino.es\/cadiz\/\" target=\"_blank\" rel=\"noreferrer noopener\"><strong>Puro Latino El Puerto de Santa Mar\u00eda Fest<\/strong><\/a>, a celebrar del 25 al 27 de julio de 2024, anuncia el primer artista de su cartel:\u00a0<a href=\"https:\/\/open.spotify.com\/intl-es\/artist\/0FwnPHExlRRxEZPLAi5tmG?si=vqzg-97xQLCz4SYCjy7ctA\" target=\"_blank\" rel=\"noreferrer noopener\">JC Reyes<\/a>, el artista sevillano de m\u00fasica urban que ya supera los cuatro millones de seguidores en Spotify gracias a \u00e9xitos como el reciente\u00a0<a href=\"https:\/\/open.spotify.com\/intl-es\/album\/36aWkmYPZ59uPMHkqFbwhY?si=UphzGSkbRj22lbn92kBldA\" target=\"_blank\" rel=\"noreferrer noopener\">\u00abChula\u00bb<\/a>. Su nombre es solo el principio del aluvi\u00f3n de estrellas que nos promete esta nueva entrega del festival, que en su anterior edici\u00f3n superaba la m\u00e1gica cifra de los 140.000 asistentes.<\/p>\n\n\n\n<\/div>\n            \n            \n                        <p><a class=\"wk-button\" href=\"https:\/\/purolatino.es\/cadiz\/bienvenido-jc-reyes\/\">Leer m\u00e1s<\/a><\/p>\n            \n            \n        <\/div>\n    <\/div>\n\n\n    <div>\n        <div class=\"wk-panel wk-overlay-hover wk-invisible\">\n\n                        <a class=\"wk-position-cover wk-position-z-index\" href=\"https:\/\/purolatino.es\/cadiz\/una-edicion-para-el-recuerdo\/\" title=\"UNA EDICI\u00d3N PARA EL RECUERDO\"><\/a>\n            \n            \n                        <div class=\"wk-text-center wk-panel-teaser\"><div class=\"wk-overlay \"><img loading=\"lazy\" decoding=\"async\" src=\"https:\/\/purolatino.es\/cadiz\/wp-content\/uploads\/sites\/10\/2023\/09\/DSC_9697.jpg\" class=\" wk-overlay-scale\" alt=\"UNA EDICI\u00d3N PARA EL RECUERDO\" width=\"990\" height=\"661\"><\/div><\/div>\n            \n            \n                        <h3 class=\"wk-h1 wk-margin-top-remove\">\n\n                                    <a class=\"wk-link-reset\" href=\"https:\/\/purolatino.es\/cadiz\/una-edicion-para-el-recuerdo\/\">UNA EDICI\u00d3N PARA EL RECUERDO<\/a>\n                \n                \n            <\/h3>\n            \n            \n            \n                        <div class=\"wk-margin\">\n<p>La cuarta edici\u00f3n de&nbsp;<a href=\"https:\/\/purolatino.es\/cadiz\/\" target=\"_blank\" rel=\"noreferrer noopener\">Puro Latino El Puerto de Santa Mar\u00eda<\/a>, celebrada este pasado fin de semana en la localidad gaditana, ha superado todas las expectativas y alcanzado la espectacular cifra de 141.000 asistentes. Para el recuerdo se nos quedan tambi\u00e9n im\u00e1genes de conciertos tan aplaudidos y multitudinarios como los de&nbsp;<a href=\"https:\/\/open.spotify.com\/artist\/52iwsT98xCoGgiGntTiR7K?si=bf7274cc1ae14853\" target=\"_blank\" rel=\"noreferrer noopener\">Quevedo<\/a>,&nbsp;<a href=\"https:\/\/open.spotify.com\/artist\/4V8Sr092TqfHkfAA5fXXqG?si=w_1qZDwsS-WYzhl6dozeUg\" target=\"_blank\" rel=\"noreferrer noopener\">Luis Fonsi<\/a>,&nbsp;<a href=\"https:\/\/open.spotify.com\/artist\/1i8SpTcr7yvPOmcqrbnVXY?si=RYk-H3oIQWGZjms8tGih-w\" target=\"_blank\" rel=\"noreferrer noopener\">Ozuna<\/a>,&nbsp;<a href=\"https:\/\/open.spotify.com\/artist\/1yxSLGMDHlW21z4YXirZDS?si=y1RhQ_71TUeZRBgUubVLYg\" target=\"_blank\" rel=\"noreferrer noopener\">Black Eyed Peas<\/a>,&nbsp;<a href=\"https:\/\/open.spotify.com\/artist\/2R21vXR83lH98kGeO99Y66?si=EFJSRkb6SVG2txAGMezKnw\" target=\"_blank\" rel=\"noreferrer noopener\">Anuel AA<\/a>&nbsp;y&nbsp;<a href=\"https:\/\/open.spotify.com\/artist\/4bJh7sMPcVRiqe5jlnsWQV?si=yD2WtzluSACYO_Z85QIqOw\" target=\"_blank\" rel=\"noreferrer noopener\">Dellafuente<\/a>, entre otros.<\/p>\n\n\n\n<\/div>\n            \n            \n                        <p><a class=\"wk-button\" href=\"https:\/\/purolatino.es\/cadiz\/una-edicion-para-el-recuerdo\/\">Leer m\u00e1s<\/a><\/p>\n            \n            \n        <\/div>\n    <\/div>\n\n\n    <div>\n        <div class=\"wk-panel wk-overlay-hover wk-invisible\">\n\n                        <a class=\"wk-position-cover wk-position-z-index\" href=\"https:\/\/purolatino.es\/cadiz\/mas-madera\/\" title=\"\u00a1M\u00c1S MADERA!\"><\/a>\n            \n            \n                        <div class=\"wk-text-center wk-panel-teaser\"><div class=\"wk-overlay \"><img loading=\"lazy\" decoding=\"async\" src=\"https:\/\/purolatino.es\/cadiz\/wp-content\/uploads\/sites\/10\/2023\/09\/DSC_8846.jpg\" class=\" wk-overlay-scale\" alt=\"\u00a1M\u00c1S MADERA!\" width=\"990\" height=\"661\"><\/div><\/div>\n            \n            \n                        <h3 class=\"wk-h1 wk-margin-top-remove\">\n\n                                    <a class=\"wk-link-reset\" href=\"https:\/\/purolatino.es\/cadiz\/mas-madera\/\">\u00a1M\u00c1S MADERA!<\/a>\n                \n                \n            <\/h3>\n            \n            \n            \n                        <div class=\"wk-margin\">\n<p><a href=\"https:\/\/purolatino.es\/cadiz\/\" target=\"_blank\" rel=\"noreferrer noopener\">Puro Latino El Puerto de Santa Mar\u00eda<\/a>&nbsp;sigue incorporando m\u00e1s artistas a su ya abultado cartel:&nbsp;<a href=\"https:\/\/open.spotify.com\/artist\/4bJh7sMPcVRiqe5jlnsWQV?si=yD2WtzluSACYO_Z85QIqOw\" target=\"_blank\" rel=\"noreferrer noopener\">Dellafuente<\/a>&nbsp;es el \u00faltimo en sumarse a una programaci\u00f3n que inclu\u00eda ya nombres tan estelares como los de&nbsp;<a href=\"https:\/\/open.spotify.com\/artist\/2R21vXR83lH98kGeO99Y66?si=EFJSRkb6SVG2txAGMezKnw\" target=\"_blank\" rel=\"noreferrer noopener\">Anuel AA<\/a>,&nbsp;<a href=\"https:\/\/open.spotify.com\/artist\/1i8SpTcr7yvPOmcqrbnVXY?si=RYk-H3oIQWGZjms8tGih-w\" target=\"_blank\" rel=\"noreferrer noopener\">Ozuna<\/a>,&nbsp;<a href=\"https:\/\/open.spotify.com\/artist\/52iwsT98xCoGgiGntTiR7K?si=bf7274cc1ae14853\" target=\"_blank\" rel=\"noreferrer noopener\">Quevedo<\/a>,&nbsp;<a href=\"https:\/\/open.spotify.com\/artist\/1yxSLGMDHlW21z4YXirZDS?si=y1RhQ_71TUeZRBgUubVLYg\" target=\"_blank\" rel=\"noreferrer noopener\">Black Eyed Peas<\/a>,&nbsp;<a href=\"https:\/\/open.spotify.com\/artist\/4V8Sr092TqfHkfAA5fXXqG?si=w_1qZDwsS-WYzhl6dozeUg\" target=\"_blank\" rel=\"noreferrer noopener\">Luis Fonsi<\/a>,&nbsp;<a href=\"https:\/\/open.spotify.com\/artist\/329e4yvIujISKGKz1BZZbO?si=091cf024b8d249ef\" target=\"_blank\" rel=\"noreferrer noopener\">Farruko<\/a>,&nbsp;<a href=\"https:\/\/open.spotify.com\/artist\/6nVcHLIgY5pE2YCl8ubca1?si=jg0NxuUXQf-Hz4biA-k2Zw\" target=\"_blank\" rel=\"noreferrer noopener\">Jhay Cortez<\/a>,&nbsp;<a href=\"https:\/\/open.spotify.com\/artist\/1ackd5XprZEkH3McKbQD51?si=a069ed16f3ec4689\" target=\"_blank\" rel=\"noreferrer noopener\">Juan Mag\u00e1n<\/a>,&nbsp;<a href=\"https:\/\/open.spotify.com\/artist\/5UN0rzL594mWY2RbOtZqIN?si=ff28ee54cbc84eb0\" target=\"_blank\" rel=\"noreferrer noopener\"><strong>Ptazeta<\/strong><\/a>&nbsp;y muchos m\u00e1s. Del 3 al 5 de agosto, todos prometen brillar en la cita imprescindible del verano con la m\u00fasica latina m\u00e1s actual.<\/p>\n\n\n\n<\/div>\n            \n            \n                        <p><a class=\"wk-button\" href=\"https:\/\/purolatino.es\/cadiz\/mas-madera\/\">Leer m\u00e1s<\/a><\/p>\n            \n            \n        <\/div>\n    <\/div>\n\n\n    <div>\n        <div class=\"wk-panel wk-overlay-hover wk-invisible\">\n\n                        <a class=\"wk-position-cover wk-position-z-index\" href=\"https:\/\/purolatino.es\/cadiz\/esta-fiesta-no-para\/\" title=\"\u00a1ESTA FIESTA NO PARA!\"><\/a>\n            \n            \n                        <div class=\"wk-text-center wk-panel-teaser\"><div class=\"wk-overlay \"><img loading=\"lazy\" decoding=\"async\" src=\"https:\/\/purolatino.es\/cadiz\/wp-content\/uploads\/sites\/10\/2023\/05\/5ccdac21-d23c-4fe1-aa94-d143f0627b7c.jpg\" class=\" wk-overlay-scale\" alt=\"\u00a1ESTA FIESTA NO PARA!\" width=\"1080\" height=\"1080\"><\/div><\/div>\n            \n            \n                        <h3 class=\"wk-h1 wk-margin-top-remove\">\n\n                                    <a class=\"wk-link-reset\" href=\"https:\/\/purolatino.es\/cadiz\/esta-fiesta-no-para\/\">\u00a1ESTA FIESTA NO PARA!<\/a>\n                \n                \n            <\/h3>\n            \n            \n            \n                        <div class=\"wk-margin\">\n<p><a href=\"https:\/\/purolatino.es\/cadiz\/\" target=\"_blank\" rel=\"noreferrer noopener\">Puro Latino El Puerto de Santa Mar\u00eda<\/a>&nbsp;incorpora cinco artistas m\u00e1s a su ya rutilante cartel:&nbsp;<a href=\"https:\/\/open.spotify.com\/artist\/4V8Sr092TqfHkfAA5fXXqG?si=w_1qZDwsS-WYzhl6dozeUg\" target=\"_blank\" rel=\"noreferrer noopener\">Luis Fonsi<\/a>,&nbsp;<a href=\"https:\/\/open.spotify.com\/artist\/6nVcHLIgY5pE2YCl8ubca1?si=jg0NxuUXQf-Hz4biA-k2Zw\" target=\"_blank\" rel=\"noreferrer noopener\">Jhay Cortez<\/a>,&nbsp;<a href=\"https:\/\/open.spotify.com\/artist\/4az97MtWmBQ5Db3GfDh9j9?si=ZSqj0OaeQN6AZE0B3JWHWg\" target=\"_blank\" rel=\"noreferrer noopener\">Morad<\/a>,&nbsp;<a href=\"https:\/\/open.spotify.com\/artist\/2bxxlINUlcMQQb39K7IopR?si=9tDpnRbETpGEi2r1PLJJbg\" target=\"_blank\" rel=\"noreferrer noopener\">Abraham Mateo<\/a>&nbsp;y&nbsp;<a href=\"https:\/\/open.spotify.com\/artist\/3qsKSpcV3ncke3hw52JSMB?si=aS55bFcsRxWdhrboShvEGQ\" target=\"_blank\" rel=\"noreferrer noopener\">Young Miko<\/a>. Un rep\u00f3quer de ases que, unidos a nuevos djs como&nbsp;<a href=\"https:\/\/open.spotify.com\/artist\/5H18IK2f3v053mJ4t5at8w?si=65I87KCJQkiOPpKI5diy-g\" target=\"_blank\" rel=\"noreferrer noopener\">Alex Martini<\/a>&nbsp;y&nbsp;<a href=\"https:\/\/open.spotify.com\/artist\/7trKViRlVbKr7Yrh9ygHnS?si=iymwgIsXQyGxL_X-ZFTmPQ\" target=\"_blank\" rel=\"noreferrer noopener\">Jos\u00e9 de las Heras<\/a>, se suman a otros nombres ya confirmados del calibre de&nbsp;<a href=\"https:\/\/open.spotify.com\/artist\/2R21vXR83lH98kGeO99Y66?si=EFJSRkb6SVG2txAGMezKnw\" target=\"_blank\" rel=\"noreferrer noopener\">Anuel AA<\/a>,&nbsp;<a href=\"https:\/\/open.spotify.com\/artist\/1yxSLGMDHlW21z4YXirZDS?si=y1RhQ_71TUeZRBgUubVLYg\" target=\"_blank\" rel=\"noreferrer noopener\">Black Eyed Peas<\/a>,&nbsp;<a href=\"https:\/\/open.spotify.com\/artist\/1i8SpTcr7yvPOmcqrbnVXY?si=RYk-H3oIQWGZjms8tGih-w\" target=\"_blank\" rel=\"noreferrer noopener\">Ozuna<\/a>,&nbsp;<a href=\"https:\/\/open.spotify.com\/artist\/52iwsT98xCoGgiGntTiR7K?si=bf7274cc1ae14853\" target=\"_blank\" rel=\"noreferrer noopener\">Quevedo<\/a>,&nbsp;<a href=\"https:\/\/open.spotify.com\/artist\/329e4yvIujISKGKz1BZZbO?si=091cf024b8d249ef\" target=\"_blank\" rel=\"noreferrer noopener\">Farruko<\/a>,&nbsp;<a href=\"https:\/\/open.spotify.com\/artist\/1ackd5XprZEkH3McKbQD51?si=a069ed16f3ec4689\" target=\"_blank\" rel=\"noreferrer noopener\">Juan Mag\u00e1n<\/a>,&nbsp;<a href=\"https:\/\/open.spotify.com\/artist\/6w9ToX5slZ4uIdmD17hJ3c?si=49913cca832145e1\" target=\"_blank\" rel=\"noreferrer noopener\">Bryant Myers<\/a>,&nbsp;<a href=\"https:\/\/open.spotify.com\/artist\/3lY9Fxceu60W1rbon7PkuF?si=b47402d1ed0d4e19\" target=\"_blank\" rel=\"noreferrer noopener\">Omar Montes<\/a>&nbsp;y&nbsp;<a href=\"https:\/\/open.spotify.com\/artist\/5UN0rzL594mWY2RbOtZqIN?si=ff28ee54cbc84eb0\" target=\"_blank\" rel=\"noreferrer noopener\">Ptazeta<\/a>, entre muchos otros. Del 3 al 5 de agosto tenemos una cita de lo m\u00e1s candente en El Puerto de Santa Mar\u00eda, C\u00e1diz.<\/p>\n\n\n\n<\/div>\n            \n            \n                        <p><a class=\"wk-button\" href=\"https:\/\/purolatino.es\/cadiz\/esta-fiesta-no-para\/\">Leer m\u00e1s<\/a><\/p>\n            \n            \n        <\/div>\n    <\/div>\n\n\n    <div>\n        <div class=\"wk-panel wk-overlay-hover wk-invisible\">\n\n                        <a class=\"wk-position-cover wk-position-z-index\" href=\"https:\/\/purolatino.es\/cadiz\/impresionante\/\" title=\"&lt;strong&gt;\u00a1IMPRESIONANTE!&lt;\/strong&gt;\"><\/a>\n            \n            \n                        <div class=\"wk-text-center wk-panel-teaser\"><div class=\"wk-overlay \"><img loading=\"lazy\" decoding=\"async\" src=\"https:\/\/purolatino.es\/cadiz\/wp-content\/uploads\/sites\/10\/2023\/03\/3d59db71-c120-48d0-a428-0f587c7f018c.jpg\" class=\" wk-overlay-scale\" alt=\"\u00a1IMPRESIONANTE!\" width=\"1080\" height=\"1080\"><\/div><\/div>\n            \n            \n                        <h3 class=\"wk-h1 wk-margin-top-remove\">\n\n                                    <a class=\"wk-link-reset\" href=\"https:\/\/purolatino.es\/cadiz\/impresionante\/\"><strong>\u00a1IMPRESIONANTE!<\/strong><\/a>\n                \n                \n            <\/h3>\n            \n            \n            \n                        <div class=\"wk-margin\">\n<p>Como si hubiera o\u00eddo nuestros pensamientos,\u00a0<a href=\"https:\/\/purolatino.es\/cadiz\/\" target=\"_blank\" rel=\"noreferrer noopener\">Puro Latino El Puerto de Santa Mar\u00eda<\/a>\u00a0anuncia hoy una nueva tanda de confirmaciones con un protagonista internacional de infarto: \u00a1<a href=\"https:\/\/open.spotify.com\/artist\/2R21vXR83lH98kGeO99Y66?si=EFJSRkb6SVG2txAGMezKnw\" target=\"_blank\" rel=\"noreferrer noopener\">ANUEL AA<\/a>!. El puertorrique\u00f1o comparte cartel con otra estrella rutilante:\u00a0<a href=\"https:\/\/open.spotify.com\/artist\/1yxSLGMDHlW21z4YXirZDS?si=y1RhQ_71TUeZRBgUubVLYg\" target=\"_blank\" rel=\"noreferrer noopener\">Black Eyed Peas<\/a>, a los que acompa\u00f1a una avalancha primeras figuras que tampoco se queda atr\u00e1s. Toma buena nota porque tambi\u00e9n se incorporan a nuestra programaci\u00f3n artistas del calado de\u00a0<a href=\"https:\/\/open.spotify.com\/artist\/329e4yvIujISKGKz1BZZbO?si=091cf024b8d249ef\" target=\"_blank\" rel=\"noreferrer noopener\">Farruko<\/a>,\u00a0<a href=\"https:\/\/open.spotify.com\/artist\/1ackd5XprZEkH3McKbQD51?si=a069ed16f3ec4689\" target=\"_blank\" rel=\"noreferrer noopener\">Juan Mag\u00e1n<\/a>,\u00a0<a href=\"https:\/\/open.spotify.com\/artist\/1UjxAZqzphB1tsMb1aWBj0?si=415ccaf2a2424e92\" target=\"_blank\" rel=\"noreferrer noopener\">Omega<\/a>,\u00a0<a href=\"https:\/\/open.spotify.com\/artist\/5UN0rzL594mWY2RbOtZqIN?si=ff28ee54cbc84eb0\" target=\"_blank\" rel=\"noreferrer noopener\">Ptazeta<\/a>,\u00a0<a href=\"https:\/\/open.spotify.com\/artist\/2CCgb0KApjfQDuTppovpf8?si=a149cc22d5894439&amp;nd=1\" target=\"_blank\" rel=\"noreferrer noopener\">Rvfv<\/a>,\u00a0<a href=\"https:\/\/open.spotify.com\/artist\/2O8vbr4RYPpk6MRA4fio7u?si=ae0241b73ed84b4b\" target=\"_blank\" rel=\"noreferrer noopener\">Saiko<\/a>,\u00a0<a href=\"https:\/\/open.spotify.com\/artist\/4d3kmfoZBTuUPSUjgP45uo?si=15dee1021fbb4834\" target=\"_blank\" rel=\"noreferrer noopener\">Lerica<\/a>\u00a0y\u00a0<a href=\"https:\/\/www.instagram.com\/ballesterosdj\/?hl=es\" target=\"_blank\" rel=\"noreferrer noopener\">Ballesteros DJ<\/a>. Con m\u00e1s del 80% de los abonos generales ya vendidos -y agotadas las modalidades Oro y Platino- tenemos muy claro que el sold out est\u00e1 al caer. \u00bfY t\u00fa? \u00bfA\u00fan no tienes los tuyos?<\/p>\n\n\n\n<\/div>\n            \n            \n                        <p><a class=\"wk-button\" href=\"https:\/\/purolatino.es\/cadiz\/impresionante\/\">Leer m\u00e1s<\/a><\/p>\n            \n            \n        <\/div>\n    <\/div>\n\n\n    <div>\n        <div class=\"wk-panel wk-overlay-hover wk-invisible\">\n\n                        <a class=\"wk-position-cover wk-position-z-index\" href=\"https:\/\/purolatino.es\/cadiz\/se-viene-una-buena\/\" title=\"&lt;strong&gt;\u00a1SE VIENE UNA BUENA!&lt;\/strong&gt;\"><\/a>\n            \n            \n                        <div class=\"wk-text-center wk-panel-teaser\"><div class=\"wk-overlay \"><img loading=\"lazy\" decoding=\"async\" src=\"https:\/\/purolatino.es\/cadiz\/wp-content\/uploads\/sites\/10\/2023\/01\/521e2695-e492-408b-ab9b-18bf4999c4de.jpg\" class=\" wk-overlay-scale\" alt=\"\u00a1SE VIENE UNA BUENA!\" width=\"1080\" height=\"1080\"><\/div><\/div>\n            \n            \n                        <h3 class=\"wk-h1 wk-margin-top-remove\">\n\n                                    <a class=\"wk-link-reset\" href=\"https:\/\/purolatino.es\/cadiz\/se-viene-una-buena\/\"><strong>\u00a1SE VIENE UNA BUENA!<\/strong><\/a>\n                \n                \n            <\/h3>\n            \n            \n            \n                        <div class=\"wk-margin\">\n<p>Nos llegan grandes noticias de la cita imprescindible del verano con los ritmos m\u00e1s candentes, o lo que es lo mismo, nuestro querido\u00a0<a href=\"https:\/\/purolatino.es\/cadiz\/\" target=\"_blank\" rel=\"noreferrer noopener\">Puro Latino El Puerto de Santa Mar\u00eda<\/a>, que se celebrar\u00e1 del 3 al 5 de agosto. Y es que el festival confirma hoy una impresionante tanda de estrellas rutilantes que se incorporan a esta cuarta edici\u00f3n. <\/p>\n\n\n\n<\/div>\n            \n            \n                        <p><a class=\"wk-button\" href=\"https:\/\/purolatino.es\/cadiz\/se-viene-una-buena\/\">Leer m\u00e1s<\/a><\/p>\n            \n            \n        <\/div>\n    <\/div>\n\n\n    <div>\n        <div class=\"wk-panel wk-overlay-hover wk-invisible\">\n\n                        <a class=\"wk-position-cover wk-position-z-index\" href=\"https:\/\/purolatino.es\/cadiz\/120-000-gracias\/\" title=\"\u00a1120.000 GRACIAS!\"><\/a>\n            \n            \n                        <div class=\"wk-text-center wk-panel-teaser\"><div class=\"wk-overlay \"><img loading=\"lazy\" decoding=\"async\" src=\"https:\/\/purolatino.es\/cadiz\/wp-content\/uploads\/sites\/10\/2022\/08\/WhatsApp_Image_2022-08-05_at_2.31.18_AM-1.jpeg\" class=\" wk-overlay-scale\" alt=\"\u00a1120.000 GRACIAS!\" width=\"1180\" height=\"788\"><\/div><\/div>\n            \n            \n                        <h3 class=\"wk-h1 wk-margin-top-remove\">\n\n                                    <a class=\"wk-link-reset\" href=\"https:\/\/purolatino.es\/cadiz\/120-000-gracias\/\">\u00a1120.000 GRACIAS!<\/a>\n                \n                \n            <\/h3>\n            \n            \n            \n                        <div class=\"wk-margin\">\n<p>Ni en nuestros mejores sue\u00f1os habr\u00edamos podido imaginar la noche que nos regal\u00f3 ayer, jueves 4 de agosto, la velada inaugural de\u00a0<strong><a href=\"https:\/\/email.cloud.secureclick.net\/c\/5540?id=6441319.17317.1.3a0d08147f527dc95348ae84b39c9910\" target=\"_blank\" rel=\"noreferrer noopener\">Puro Latino El Puerto de Santa Mar\u00eda<\/a><\/strong>. Una jornada inolvidable, marcada por la ausencia de incidentes rese\u00f1ables y un ambiente fabuloso, que alberg\u00f3 la asistencia de 40.000 personas vibrando al un\u00edsono con la banda sonora de una generaci\u00f3n.<\/p>\n\n\n\n<\/div>\n            \n            \n                        <p><a class=\"wk-button\" href=\"https:\/\/purolatino.es\/cadiz\/120-000-gracias\/\">Leer m\u00e1s<\/a><\/p>\n            \n            \n        <\/div>\n    <\/div>\n\n\n    <div>\n        <div class=\"wk-panel wk-overlay-hover wk-invisible\">\n\n                        <a class=\"wk-position-cover wk-position-z-index\" href=\"https:\/\/purolatino.es\/cadiz\/por-todo-lo-alto\/\" title=\"POR TODO LO ALTO\"><\/a>\n            \n            \n                        <div class=\"wk-text-center wk-panel-teaser\"><div class=\"wk-overlay \"><img loading=\"lazy\" decoding=\"async\" src=\"https:\/\/purolatino.es\/cadiz\/wp-content\/uploads\/sites\/10\/2022\/08\/WhatsApp_Image_2022-08-05_at_1.29.23_AM.jpeg\" class=\" wk-overlay-scale\" alt=\"POR TODO LO ALTO\" width=\"1180\" height=\"788\"><\/div><\/div>\n            \n            \n                        <h3 class=\"wk-h1 wk-margin-top-remove\">\n\n                                    <a class=\"wk-link-reset\" href=\"https:\/\/purolatino.es\/cadiz\/por-todo-lo-alto\/\">POR TODO LO ALTO<\/a>\n                \n                \n            <\/h3>\n            \n            \n            \n                        <div class=\"wk-margin\">\n<p>As\u00ed dio comienzo ayer, jueves 4 de agosto, la primera de las tres noches que&nbsp;<a href=\"https:\/\/purolatino.es\/cadiz\/\" target=\"_blank\" rel=\"noreferrer noopener\">Puro Latino El Puerto de Santa Mar\u00eda<\/a>&nbsp;nos tiene preparadas en la que ser\u00e1, sin ninguna duda, una edici\u00f3n para el recuerdo. Con la asistencia r\u00e9cord de 40.000 personas, un ambiente insuperable y los directos de astros de la talla de&nbsp;<a href=\"https:\/\/open.spotify.com\/artist\/1SupJlEpv7RS2tPNRaHViT?si=59d8f3e5f3c94abe\" target=\"_blank\" rel=\"noreferrer noopener\"><strong>Nicky Jam<\/strong><\/a>,&nbsp;<a href=\"https:\/\/open.spotify.com\/artist\/5UN0rzL594mWY2RbOtZqIN?si=836a7374842d4991\" target=\"_blank\" rel=\"noreferrer noopener\"><strong>Ptazeta<\/strong><\/a>,&nbsp;<a href=\"https:\/\/open.spotify.com\/artist\/3bvfu2KAve4lPHrhEFDZna?si=28bde44ffd1a45b0\" target=\"_blank\" rel=\"noreferrer noopener\"><strong>Lola \u00cdndigo<\/strong><\/a>,&nbsp;<a href=\"https:\/\/open.spotify.com\/artist\/2p4aN0Uxkk3iT3HK0cJ2cJ?si=fb5fcb2c98e44c69\" target=\"_blank\" rel=\"noreferrer noopener\"><strong>Tokischa<\/strong><\/a>,&nbsp;<a href=\"https:\/\/open.spotify.com\/artist\/1TA5sGRlKUJXBN4ZyJuDIX?si=auouUTPCTsGWLIMxKcaWyw\" target=\"_blank\" rel=\"noreferrer noopener\"><strong>Blessd<\/strong><\/a>&nbsp;o&nbsp;<a href=\"https:\/\/open.spotify.com\/artist\/47MpMsUfWtgyIIBEFOr4FE?si=b37b22c93f6e46f8\" target=\"_blank\" rel=\"noreferrer noopener\"><strong>Lunay<\/strong><\/a>, entre otros, la velada inaugural del festival m\u00e1s multitudinario de Andaluc\u00eda no podr\u00eda haberse desarrollado de mejor manera.<\/p>\n\n\n\n<\/div>\n            \n            \n                        <p><a class=\"wk-button\" href=\"https:\/\/purolatino.es\/cadiz\/por-todo-lo-alto\/\">Leer m\u00e1s<\/a><\/p>\n            \n            \n        <\/div>\n    <\/div>\n\n\n    <div>\n        <div class=\"wk-panel wk-overlay-hover wk-invisible\">\n\n                        <a class=\"wk-position-cover wk-position-z-index\" href=\"https:\/\/purolatino.es\/cadiz\/una-fiesta-historica\/\" title=\"UNA FIESTA HIST\u00d3RICA\"><\/a>\n            \n            \n                        <div class=\"wk-text-center wk-panel-teaser\"><div class=\"wk-overlay \"><img loading=\"lazy\" decoding=\"async\" src=\"https:\/\/purolatino.es\/cadiz\/wp-content\/uploads\/sites\/10\/2022\/08\/WhatsApp_Image_2022-08-02_at_10.17.58_AM.jpeg\" class=\" wk-overlay-scale\" alt=\"UNA FIESTA HIST\u00d3RICA\" width=\"1080\" height=\"1080\"><\/div><\/div>\n            \n            \n                        <h3 class=\"wk-h1 wk-margin-top-remove\">\n\n                                    <a class=\"wk-link-reset\" href=\"https:\/\/purolatino.es\/cadiz\/una-fiesta-historica\/\">UNA FIESTA HIST\u00d3RICA<\/a>\n                \n                \n            <\/h3>\n            \n            \n            \n                        <div class=\"wk-margin\">\n<p><\/p>\n\n\n\n<p>Desde ma\u00f1ana jueves 4 de agosto y hasta el s\u00e1bado 6 tendr\u00e1 lugar una de las citas musicales m\u00e1s multitudinarias de nuestro pa\u00eds: la esperad\u00edsima celebraci\u00f3n de Puro Latino El Puerto de Santa Mar\u00eda. Tras colgar el cartel de &#8216;no hay billetes&#8217;, agotando todas las localidades en cada una de las modalidades disponibles, el evento aguarda la asistencia de 40.000 personas. Un festival con un cartel de ensue\u00f1o, repleto de estrellas nacionales e internacionales del m\u00e1s alto nivel, del que podr\u00e1s disfrutar en su totalidad en la privilegiada localidad gaditana.<\/p>\n\n\n\n<\/div>\n            \n            \n                        <p><a class=\"wk-button\" href=\"https:\/\/purolatino.es\/cadiz\/una-fiesta-historica\/\">Leer m\u00e1s<\/a><\/p>\n            \n            \n        <\/div>\n    <\/div>\n\n\n    <div>\n        <div class=\"wk-panel wk-overlay-hover wk-invisible\">\n\n                        <a class=\"wk-position-cover wk-position-z-index\" href=\"https:\/\/purolatino.es\/cadiz\/sold-out\/\" title=\"\u00a1SOLD OUT!\"><\/a>\n            \n            \n                        <div class=\"wk-text-center wk-panel-teaser\"><div class=\"wk-overlay \"><img loading=\"lazy\" decoding=\"async\" src=\"https:\/\/purolatino.es\/cadiz\/wp-content\/uploads\/sites\/10\/2022\/08\/296206752_5776855485680827_1303957983745218162_n.jpg\" class=\" wk-overlay-scale\" alt=\"\u00a1SOLD OUT!\" width=\"1080\" height=\"1080\"><\/div><\/div>\n            \n            \n                        <h3 class=\"wk-h1 wk-margin-top-remove\">\n\n                                    <a class=\"wk-link-reset\" href=\"https:\/\/purolatino.es\/cadiz\/sold-out\/\">\u00a1SOLD OUT!<\/a>\n                \n                \n            <\/h3>\n            \n            \n            \n                        <div class=\"wk-margin\">\n<p>Era uno de los pocos detalles que nos quedaban por conocer del que ser\u00e1, sin ninguna duda, el acontecimiento de este verano:\u00a0<strong><a href=\"https:\/\/email.cloud.secureclick.net\/c\/5540?id=6328519.16874.1.b36bd053e18d69e39102d070919774ff\" target=\"_blank\" rel=\"noreferrer noopener\">Puro Latino El Puerto de Santa Mar\u00eda<\/a><\/strong>. La cita indispensable con los ritmos latinos, los sonidos urban y el calor del reggaet\u00f3n en nuestro pa\u00eds hace hoy p\u00fablicos los horarios de sus actuaciones, que nos permitir\u00e1n disfrutar sin l\u00edmites de los valores m\u00e1s cotizados del panorama actual \u00a1sin solapamientos!<\/p>\n\n\n\n<\/div>\n            \n            \n                        <p><a class=\"wk-button\" href=\"https:\/\/purolatino.es\/cadiz\/sold-out\/\">Leer m\u00e1s<\/a><\/p>\n            \n            \n        <\/div>\n    <\/div>\n\n\n    <div>\n        <div class=\"wk-panel wk-overlay-hover wk-invisible\">\n\n                        <a class=\"wk-position-cover wk-position-z-index\" href=\"https:\/\/purolatino.es\/cadiz\/cuenta-atras\/\" title=\"\u00a1CUENTA ATR\u00c1S!\"><\/a>\n            \n            \n                        <div class=\"wk-text-center wk-panel-teaser\"><div class=\"wk-overlay \"><img loading=\"lazy\" decoding=\"async\" src=\"https:\/\/purolatino.es\/cadiz\/wp-content\/uploads\/sites\/10\/2022\/07\/PUROLATINOPUERTO_cartel_por_dias.jpeg\" class=\" wk-overlay-scale\" alt=\"\u00a1CUENTA ATR\u00c1S!\" width=\"1080\" height=\"1080\"><\/div><\/div>\n            \n            \n                        <h3 class=\"wk-h1 wk-margin-top-remove\">\n\n                                    <a class=\"wk-link-reset\" href=\"https:\/\/purolatino.es\/cadiz\/cuenta-atras\/\">\u00a1CUENTA ATR\u00c1S!<\/a>\n                \n                \n            <\/h3>\n            \n            \n            \n                        <div class=\"wk-margin\">\n<p>Ya est\u00e1 aqu\u00ed\u00a0<a href=\"https:\/\/purolatino.es\/cadiz\/\" target=\"_blank\" rel=\"noreferrer noopener\">Puro Latino El Puerto de Santa Mar\u00eda<\/a>\u00a0y nosotros contamos las horas que nos separan de la fiesta del verano los pr\u00f3ximos 4, 5 y 6 de agosto. Ya tenemos programaci\u00f3n de artistas por d\u00edas, un aut\u00e9ntico aluvi\u00f3n de estrellas durante tres jornadas de infarto que pod\u00e9is consultar a continuaci\u00f3n. Ojo: por motivos ajenos a la Organizaci\u00f3n,\u00a0<a href=\"https:\/\/open.spotify.com\/artist\/12vb80Km0Ew53ABfJOepVz?si=b0eb5ea7d7444431\" target=\"_blank\" rel=\"noreferrer noopener\"><strong>\u00d1engo Flow<\/strong><\/a>\u00a0y\u00a0<a href=\"https:\/\/open.spotify.com\/artist\/37230BxxYs9ksS7OkZw3IU\" target=\"_blank\" rel=\"noreferrer noopener\"><strong>Chencho Corleone<\/strong><\/a>\u00a0han cancelado sus respectivas giras en nuestro pa\u00eds, y por motivos log\u00edsticos\u00a0<a href=\"https:\/\/open.spotify.com\/artist\/1TtXnWcUs0FCkaZDPGYHdf\" target=\"_blank\" rel=\"noreferrer noopener\">Darell<\/a>\u00a0no podr\u00e1 acompa\u00f1arnos; pero en su lugar confirmamos ya tres nuevos artistas:\u00a0<a href=\"https:\/\/open.spotify.com\/artist\/7mcJN2bWqCv7jvykgHp4KN\" target=\"_blank\" rel=\"noreferrer noopener\">La Nueva Escuela<\/a>,\u00a0<a href=\"https:\/\/open.spotify.com\/artist\/2NfSBtmWe7oPw1EmetJVso\" target=\"_blank\" rel=\"noreferrer noopener\">Boza<\/a>\u00a0y\u00a0<a href=\"https:\/\/open.spotify.com\/artist\/1ackd5XprZEkH3McKbQD51\" target=\"_blank\" rel=\"noreferrer noopener\">Juan Mag\u00e1n<\/a>. Un tr\u00edo de ases que junto a\u00a0<a href=\"https:\/\/open.spotify.com\/artist\/7trKViRlVbKr7Yrh9ygHnS\" target=\"_blank\" rel=\"noreferrer noopener\">Jose de las Heras<\/a>\u00a0y\u00a0<a href=\"https:\/\/open.spotify.com\/artist\/0LLnP7NEsEQ1pSCfsuYURr\" target=\"_blank\" rel=\"noreferrer noopener\">Juacko Dj<\/a>\u00a0cierran un cartel de ensue\u00f1o.<\/p>\n\n\n\n<\/div>\n            \n            \n                        <p><a class=\"wk-button\" href=\"https:\/\/purolatino.es\/cadiz\/cuenta-atras\/\">Leer m\u00e1s<\/a><\/p>\n            \n            \n        <\/div>\n    <\/div>\n\n\n    <div>\n        <div class=\"wk-panel wk-overlay-hover wk-invisible\">\n\n                        <a class=\"wk-position-cover wk-position-z-index\" href=\"https:\/\/purolatino.es\/cadiz\/buenas-noticias\/\" title=\"\u00a1BUENAS NOTICIAS!\"><\/a>\n            \n            \n                        <div class=\"wk-text-center wk-panel-teaser\"><div class=\"wk-overlay \"><img loading=\"lazy\" decoding=\"async\" src=\"https:\/\/purolatino.es\/cadiz\/wp-content\/uploads\/sites\/10\/2022\/05\/CHIMBALAReggaeton-Festival-Puerto-de-Santa-Maria.jpg\" class=\" wk-overlay-scale\" alt=\"\u00a1BUENAS NOTICIAS!\" width=\"1080\" height=\"1080\"><\/div><\/div>\n            \n            \n                        <h3 class=\"wk-h1 wk-margin-top-remove\">\n\n                                    <a class=\"wk-link-reset\" href=\"https:\/\/purolatino.es\/cadiz\/buenas-noticias\/\">\u00a1BUENAS NOTICIAS!<\/a>\n                \n                \n            <\/h3>\n            \n            \n            \n                        <div class=\"wk-margin\">\n<p>Como el rayo que no cesa,\u00a0<a href=\"https:\/\/purolatino.es\/cadiz\/\" target=\"_blank\" rel=\"noreferrer noopener\">Puro Latino El Puerto de Santa Mar\u00eda<\/a>contin\u00faa sumando nombres a su ya de por s\u00ed generosa programaci\u00f3n \u00a1Y vaya nombres! Hoy hemos conocido la incorporaci\u00f3n de dos nuevas estrellas que nos har\u00e1n bailar de lo lindo en la cita portuense. Hablamos de\u00a0<a href=\"https:\/\/open.spotify.com\/artist\/6w9ToX5slZ4uIdmD17hJ3c?si=11393517d68a4422\" target=\"_blank\" rel=\"noreferrer noopener\">Bryant Myers<\/a>\u00a0y\u00a0<a href=\"https:\/\/open.spotify.com\/artist\/4VVEpEhC8NcR7AqNEds42U?si=7be3a67102e54ca9\" target=\"_blank\" rel=\"noreferrer noopener\">Chimbala<\/a>que, desde este momento, pasan a engrosar la suculenta n\u00f3mina de estrellas de la cita.<\/p>\n\n\n\n<\/div>\n            \n            \n                        <p><a class=\"wk-button\" href=\"https:\/\/purolatino.es\/cadiz\/buenas-noticias\/\">Leer m\u00e1s<\/a><\/p>\n            \n            \n        <\/div>\n    <\/div>\n\n\n    <div>\n        <div class=\"wk-panel wk-overlay-hover wk-invisible\">\n\n                        <a class=\"wk-position-cover wk-position-z-index\" href=\"https:\/\/purolatino.es\/cadiz\/esto-huele-a-sold-out\/\" title=\"\u00a1ESTO HUELE A SOLD OUT!\"><\/a>\n            \n            \n                        <div class=\"wk-text-center wk-panel-teaser\"><div class=\"wk-overlay \"><img loading=\"lazy\" decoding=\"async\" src=\"https:\/\/purolatino.es\/cadiz\/wp-content\/uploads\/sites\/10\/2022\/04\/Natti-Natasha-festival-reggaeton-Puro-latino-puerto-de-santa-maria-3.jpg\" class=\" wk-overlay-scale\" alt=\"\u00a1ESTO HUELE A SOLD OUT!\" width=\"1080\" height=\"1080\"><\/div><\/div>\n            \n            \n                        <h3 class=\"wk-h1 wk-margin-top-remove\">\n\n                                    <a class=\"wk-link-reset\" href=\"https:\/\/purolatino.es\/cadiz\/esto-huele-a-sold-out\/\">\u00a1ESTO HUELE A SOLD OUT!<\/a>\n                \n                \n            <\/h3>\n            \n            \n            \n                        <div class=\"wk-margin\">\n<p>Porque dos de las modalidades de abonos (Oro y Platino) ya se han agotado, mientras que los abonos generales se venden a un ritmo vertiginoso. No es de extra\u00f1ar si tenemos en cuenta, adem\u00e1s del brillante cartel que han desvelado hasta el momento, las dos nuevas incorporaciones que recibimos esta semana. Por un lado,&nbsp;<a href=\"https:\/\/email.cloud.secureclick.net\/c\/5540?id=4471756.10731.1.b3244426405d9771ee33ab973fe96863\" target=\"_blank\" rel=\"noreferrer noopener\">Natti Natasha<\/a>, una de las voces m\u00e1s atractivas de los ritmos latinos, y por otro,&nbsp;<a href=\"https:\/\/email.cloud.secureclick.net\/c\/5540?id=4471756.10732.1.e25f6a8c9d63fc0c03d3e1312fdbb28f\" target=\"_blank\" rel=\"noreferrer noopener\">Dalex<\/a>, el reconocido artista multi-platino, que tambi\u00e9n estar\u00e1n en&nbsp;Puro Latino El Puerto de Santa Mar\u00eda. La cita musical, que va camino de convertirse en la mayor fiesta de la m\u00fasica latina de nuestro pa\u00eds, se celebrar\u00e1 del 4 al 6 de agosto en la citada localidad gaditana. \u00a1No te quedes fuera!<\/p>\n\n\n\n<\/div>\n            \n            \n                        <p><a class=\"wk-button\" href=\"https:\/\/purolatino.es\/cadiz\/esto-huele-a-sold-out\/\">Leer m\u00e1s<\/a><\/p>\n            \n            \n        <\/div>\n    <\/div>\n\n\n    <div>\n        <div class=\"wk-panel wk-overlay-hover wk-invisible\">\n\n                        <a class=\"wk-position-cover wk-position-z-index\" href=\"https:\/\/purolatino.es\/cadiz\/vaya-par-de-fichajes\/\" title=\"\u00a1VAYA PAR DE FICHAJES!\"><\/a>\n            \n            \n                        <div class=\"wk-text-center wk-panel-teaser\"><div class=\"wk-overlay \"><img loading=\"lazy\" decoding=\"async\" src=\"https:\/\/purolatino.es\/cadiz\/wp-content\/uploads\/sites\/10\/2022\/03\/277362740_5420256191340760_8760415204413553254_n.jpg\" class=\" wk-overlay-scale\" alt=\"\u00a1VAYA PAR DE FICHAJES!\" width=\"1080\" height=\"1080\"><\/div><\/div>\n            \n            \n                        <h3 class=\"wk-h1 wk-margin-top-remove\">\n\n                                    <a class=\"wk-link-reset\" href=\"https:\/\/purolatino.es\/cadiz\/vaya-par-de-fichajes\/\">\u00a1VAYA PAR DE FICHAJES!<\/a>\n                \n                \n            <\/h3>\n            \n            \n            \n                        <div class=\"wk-margin\">\n<p>Dos nuevos y rutilantes artistas se a\u00f1aden hoy a la tercera edici\u00f3n de Puro Latino El Puerto de Santa Mar\u00eda, la cita musical empe\u00f1ada en llenar el verano que se avecina de momentos inolvidables. Hablamos de Mariah Angeliq y Blessd, que no pod\u00edan faltar en la deliciosa programaci\u00f3n del ciclo portuense. Ambas estrellas pasar\u00e1n por el escenario de la mayor fiesta de la m\u00fasica latina de nuestro pa\u00eds, y que se celebrar\u00e1 del 4 al 6 de agosto en la citada localidad gaditana. \u00a1Ardemos en deseos de que llegue el momento!<\/p>\n\n\n\n<\/div>\n            \n            \n                        <p><a class=\"wk-button\" href=\"https:\/\/purolatino.es\/cadiz\/vaya-par-de-fichajes\/\">Leer m\u00e1s<\/a><\/p>\n            \n            \n        <\/div>\n    <\/div>\n\n\n    <div>\n        <div class=\"wk-panel wk-overlay-hover wk-invisible\">\n\n                        <a class=\"wk-position-cover wk-position-z-index\" href=\"https:\/\/purolatino.es\/cadiz\/%ef%bf%bcse-vienen-cositas\/\" title=\"\ufffc\u00a1SE VIENEN COSITAS!\"><\/a>\n            \n            \n                        <div class=\"wk-text-center wk-panel-teaser\"><div class=\"wk-overlay \"><img loading=\"lazy\" decoding=\"async\" src=\"https:\/\/purolatino.es\/cadiz\/wp-content\/uploads\/sites\/10\/2022\/03\/ELADIO_PuroLatino_CADIZ_POST-.jpg\" class=\" wk-overlay-scale\" alt=\"\ufffc\u00a1SE VIENEN COSITAS!\" width=\"1080\" height=\"1080\"><\/div><\/div>\n            \n            \n                        <h3 class=\"wk-h1 wk-margin-top-remove\">\n\n                                    <a class=\"wk-link-reset\" href=\"https:\/\/purolatino.es\/cadiz\/%ef%bf%bcse-vienen-cositas\/\">\ufffc\u00a1SE VIENEN COSITAS!<\/a>\n                \n                \n            <\/h3>\n            \n            \n            \n                        <div class=\"wk-margin\">\n<p>Por cada nuevo artista que se suma a la programaci\u00f3n de Puro Latino El Puerto de Santa Mar\u00eda descontamos una buena tanda de entradas que vuelan como gaviotas hacia sus compradores. Y es que nadie quiere perderse la cita imprescindible de este verano con los sonidos m\u00e1s candentes y sabrosones, que hoy anuncia la incorporaci\u00f3n de otra estrella internacional: Eladio Carri\u00f3n. Un nuevo y rutilante nombre que engrosa a\u00fan m\u00e1s el ya de por s\u00ed suculento cartel de esta tercera edici\u00f3n, a celebrar del 4 al 6 de agosto en la citada localidad gaditana. \u00a1Ya estamos descontando los d\u00edas!<\/p>\n\n\n\n<\/div>\n            \n            \n                        <p><a class=\"wk-button\" href=\"https:\/\/purolatino.es\/cadiz\/%ef%bf%bcse-vienen-cositas\/\">Leer m\u00e1s<\/a><\/p>\n            \n            \n        <\/div>\n    <\/div>\n\n\n    <div>\n        <div class=\"wk-panel wk-overlay-hover wk-invisible\">\n\n                        <a class=\"wk-position-cover wk-position-z-index\" href=\"https:\/\/purolatino.es\/cadiz\/%ef%bf%bcnueva-incorporacion\/\" title=\"\ufffc\u00a1NUEVA INCORPORACI\u00d3N!\"><\/a>\n            \n            \n                        <div class=\"wk-text-center wk-panel-teaser\"><div class=\"wk-overlay \"><img loading=\"lazy\" decoding=\"async\" src=\"https:\/\/purolatino.es\/cadiz\/wp-content\/uploads\/sites\/10\/2022\/03\/mikye-regaeeton-puro-latino.jpg\" class=\" wk-overlay-scale\" alt=\"\ufffc\u00a1NUEVA INCORPORACI\u00d3N!\" width=\"1080\" height=\"1080\"><\/div><\/div>\n            \n            \n                        <h3 class=\"wk-h1 wk-margin-top-remove\">\n\n                                    <a class=\"wk-link-reset\" href=\"https:\/\/purolatino.es\/cadiz\/%ef%bf%bcnueva-incorporacion\/\">\ufffc\u00a1NUEVA INCORPORACI\u00d3N!<\/a>\n                \n                \n            <\/h3>\n            \n            \n            \n                        <div class=\"wk-margin\">\n<p>Nos llegan nuevas y buenas noticias de la cita imprescindible del verano con los ritmos m\u00e1s candentes, o lo que es lo mismo, nuestro querido Puro Latino El Puerto de Santa Mar\u00eda, que se celebrar\u00e1 del 2 al 4 de agosto. Y es que el festival confirma hoy la presencia de otra rutilante estrella que se suma a su ya de por s\u00ed suculento elenco. Hablamos de<strong> Myke Towers<\/strong>, la incorporaci\u00f3n m\u00e1s flamante del evento portuense, que ya contaba en su haber con nombres de la talla de (tomen aire o si\u00e9ntense) <strong>Anuel AA, Nicky Jam, Feid, Lunay, \u00d1engo Flow, Tokischa, Gente de Zona, Omar Montes, Nio Garcia, Bad Gyal, Lola \u00cdndigo, Morad, RVFV, Ptazeta<\/strong> y<strong> L\u00e9rica.<\/strong> Con un despliegue de estas dimensiones y los anuncios que a\u00fan guardamos en la manga, podemos afirmar que estamos ante la entrega m\u00e1s sensacional de <strong>Puro Latino El Puerto de Santa Mar\u00eda<\/strong> hasta la fecha \u00a1Ya solo nos faltas t\u00fa!<\/p>\n\n\n\n<\/div>\n            \n            \n                        <p><a class=\"wk-button\" href=\"https:\/\/purolatino.es\/cadiz\/%ef%bf%bcnueva-incorporacion\/\">Leer m\u00e1s<\/a><\/p>\n            \n            \n        <\/div>\n    <\/div>\n\n\n    <div>\n        <div class=\"wk-panel wk-overlay-hover wk-invisible\">\n\n                        <a class=\"wk-position-cover wk-position-z-index\" href=\"https:\/\/purolatino.es\/cadiz\/lluvia-de-estrellas\/\" title=\"\u00a1LLUVIA DE ESTRELLAS!\"><\/a>\n            \n            \n                        <div class=\"wk-text-center wk-panel-teaser\"><div class=\"wk-overlay \"><img loading=\"lazy\" decoding=\"async\" src=\"https:\/\/purolatino.es\/cadiz\/wp-content\/uploads\/sites\/10\/2022\/02\/274854492_5332074983492215_8947642466667435966_n.jpg\" class=\" wk-overlay-scale\" alt=\"\u00a1LLUVIA DE ESTRELLAS!\" width=\"1080\" height=\"1080\"><\/div><\/div>\n            \n            \n                        <h3 class=\"wk-h1 wk-margin-top-remove\">\n\n                                    <a class=\"wk-link-reset\" href=\"https:\/\/purolatino.es\/cadiz\/lluvia-de-estrellas\/\">\u00a1LLUVIA DE ESTRELLAS!<\/a>\n                \n                \n            <\/h3>\n            \n            \n            \n                        <div class=\"wk-margin\">\n<p>Si hace tan solo unas semanas conoc\u00edamos a los primeros y rutilantes nombres que encabezaban el Si hace tan solo unas semanas conoc\u00edamos a los primeros y rutilantes nombres que encabezaban el cartel de Puro Latino El Puerto de Santa Mar\u00eda, ahora tenemos nuevas y jugosas confirmaciones que anunciaros. Y es que la segunda tanda de artistas que se suman al festival del verano incluye nombres tan suculentos como (silencio, por favor): <strong>Anuel AA, Feid, Lunay, \u00d1engo Flow<\/strong> y <strong>Tokischa.<\/strong> Una nueva entrega de los valores m\u00e1s en alza en el g\u00e9nero latino que pasar\u00e1n por la localidad portuense, del 4 al 6 de agosto, junto a <strong>Nicky Jam, Gente de Zona, Omar Montes, Nio Garcia, Bad Gyal, Lola \u00cdndigo, Morad, RVFV, Ptazeta <\/strong>y <strong>L\u00e9rica<\/strong>. Con semejante despliegue, y todo lo que a\u00fan queda por anunciar, estamos seguros de que nos encontramos ante la edici\u00f3n m\u00e1s espectacular de Puro Latino El Puerto de Santa Mar\u00eda \u00bfTe la vas a perder?<\/p>\n\n\n\n<\/div>\n            \n            \n                        <p><a class=\"wk-button\" href=\"https:\/\/purolatino.es\/cadiz\/lluvia-de-estrellas\/\">Leer m\u00e1s<\/a><\/p>\n            \n            \n        <\/div>\n    <\/div>\n\n\n    <div>\n        <div class=\"wk-panel wk-overlay-hover wk-invisible\">\n\n                        <a class=\"wk-position-cover wk-position-z-index\" href=\"https:\/\/purolatino.es\/cadiz\/llego-la-hora-de-bailar\/\" title=\"\u00a1Lleg\u00f3 la hora de bailar!\"><\/a>\n            \n            \n                        <div class=\"wk-text-center wk-panel-teaser\"><div class=\"wk-overlay \"><img loading=\"lazy\" decoding=\"async\" src=\"https:\/\/purolatino.es\/cadiz\/wp-content\/uploads\/sites\/10\/2022\/01\/272080912_5199922286707486_7186996016286098991_n.jpg\" class=\" wk-overlay-scale\" alt=\"\u00a1Lleg\u00f3 la hora de bailar!\" width=\"1080\" height=\"1080\"><\/div><\/div>\n            \n            \n                        <h3 class=\"wk-h1 wk-margin-top-remove\">\n\n                                    <a class=\"wk-link-reset\" href=\"https:\/\/purolatino.es\/cadiz\/llego-la-hora-de-bailar\/\">\u00a1Lleg\u00f3 la hora de bailar!<\/a>\n                \n                \n            <\/h3>\n            \n            \n            \n                        <div class=\"wk-margin\">\n<p>\u00a1Por fin regresa Puro Latino El Puerto de Santa Mar\u00eda! El festival pionero en ofrecer ritmos latinos y hacer del reggaet\u00f3n uno de sus principales y atractivos reclamos volver\u00e1 por fin los d\u00edas 4, 5 y 6 de agosto a la ciudad gaditana, tras el par de aplazamientos forzosos generados por la pandemia. Y para comenzar su habitual lluvia de estrellas, la cita obligada del verano en Andaluc\u00eda ya anuncia sus primeros artistas: Nicky Jam, Gente de Zona, Omar Montes, Nio Garc\u00eda, Bad Gyal, Lola \u00cdndigo, Morad, RVFV, Ptazeta y L\u00e9rica. \u00a1A esto se le llama empezar fuerte, mami!<\/p>\n\n\n\n<\/div>\n            \n            \n                        <p><a class=\"wk-button\" href=\"https:\/\/purolatino.es\/cadiz\/llego-la-hora-de-bailar\/\">Leer m\u00e1s<\/a><\/p>\n            \n            \n        <\/div>\n    <\/div>\n\n\n<\/div>\n\n<script>\n(function($){\n\n    \/\/ get the images of the gallery and replace it by a canvas of the same size to fix the problem with overlapping images on load.\n    $('img[width][height]:not(.wk-overlay-panel)', $('#wk-gridafa')).each(function() {\n\n        var $img = $(this);\n\n        if (this.width == 'auto' || this.height == 'auto' || !$img.is(':visible')) {\n            return;\n        }\n\n        var $canvas = $('<canvas class=\"wk-responsive-width\"><\/canvas>').attr({width:$img.attr('width'), height:$img.attr('height')}),\n            img = new Image,\n            release = function() {\n                $canvas.remove();\n                $img.css('display', '');\n                release = function(){};\n            };\n\n        $img.css('display', 'none').after($canvas);\n\n        $(img).on('load', function(){ release(); });\n        setTimeout(function(){ release(); }, 1000);\n\n        img.src = this.src;\n\n    });\n\n})(jQuery);\n<\/script>\n<\/div>\n<p><!-- {\"type\":\"layout\",\"children\":[{\"type\":\"section\",\"props\":{\"style\":\"default\",\"width\":\"default\",\"vertical_align\":\"middle\",\"title_position\":\"top-left\",\"title_rotation\":\"left\",\"title_breakpoint\":\"xl\",\"image_position\":\"center-center\",\"text_color\":\"\",\"width_expand\":\"\",\"height\":\"\",\"padding\":\"\",\"header_transparent\":\"\",\"animation\":\"\"},\"children\":[{\"type\":\"row\",\"props\":{\"layout\":\"1-1\",\"breakpoint\":\"m\",\"fixed_width\":\"large\",\"width\":\"\",\"width_expand\":\"\",\"height\":\"\",\"margin\":\"\",\"column_gap\":\"\",\"row_gap\":\"\"},\"children\":[{\"type\":\"column\",\"props\":{\"image_position\":\"center-center\",\"media_overlay_gradient\":\"\",\"vertical_align\":\"\",\"style\":\"\",\"text_color\":\"\",\"padding\":\"\"},\"children\":[{\"type\":\"html\",\"props\":{\"content\":\"[widgetkit id=\\\"3\\\"]\"}}]}]}]}],\"version\":\"1.22.8\",\"props\":[]} --><\/p>\n","protected":false},"excerpt":{"rendered":"","protected":false},"author":1,"featured_media":0,"parent":0,"menu_order":0,"comment_status":"closed","ping_status":"closed","template":"","meta":{"footnotes":""},"class_list":["post-16","page","type-page","status-publish","hentry"],"yoast_head":"<!-- This site is optimized with the Yoast SEO plugin v27.5 - https:\/\/yoast.com\/product\/yoast-seo-wordpress\/ -->\n<title>noticias - Cadiz<\/title>\n<meta name=\"robots\" content=\"index, follow, max-snippet:-1, max-image-preview:large, max-video-preview:-1\" \/>\n<link rel=\"canonical\" href=\"https:\/\/purolatino.es\/cadiz\/noticias\/\" \/>\n<meta property=\"og:locale\" content=\"es_ES\" \/>\n<meta property=\"og:type\" content=\"article\" \/>\n<meta property=\"og:title\" content=\"noticias - Cadiz\" \/>\n<meta property=\"og:url\" content=\"https:\/\/purolatino.es\/cadiz\/noticias\/\" \/>\n<meta property=\"og:site_name\" content=\"Cadiz\" \/>\n<meta property=\"article:modified_time\" content=\"2022-03-14T11:34:13+00:00\" \/>\n<meta name=\"twitter:card\" content=\"summary_large_image\" \/>\n<script type=\"application\/ld+json\" class=\"yoast-schema-graph\">{\"@context\":\"https:\\\/\\\/schema.org\",\"@graph\":[{\"@type\":\"WebPage\",\"@id\":\"https:\\\/\\\/purolatino.es\\\/cadiz\\\/noticias\\\/\",\"url\":\"https:\\\/\\\/purolatino.es\\\/cadiz\\\/noticias\\\/\",\"name\":\"noticias - Cadiz\",\"isPartOf\":{\"@id\":\"https:\\\/\\\/purolatino.es\\\/cadiz\\\/#website\"},\"datePublished\":\"2019-09-27T10:29:19+00:00\",\"dateModified\":\"2022-03-14T11:34:13+00:00\",\"breadcrumb\":{\"@id\":\"https:\\\/\\\/purolatino.es\\\/cadiz\\\/noticias\\\/#breadcrumb\"},\"inLanguage\":\"es\",\"potentialAction\":[{\"@type\":\"ReadAction\",\"target\":[\"https:\\\/\\\/purolatino.es\\\/cadiz\\\/noticias\\\/\"]}]},{\"@type\":\"BreadcrumbList\",\"@id\":\"https:\\\/\\\/purolatino.es\\\/cadiz\\\/noticias\\\/#breadcrumb\",\"itemListElement\":[{\"@type\":\"ListItem\",\"position\":1,\"name\":\"Portada\",\"item\":\"https:\\\/\\\/purolatino.es\\\/cadiz\\\/\"},{\"@type\":\"ListItem\",\"position\":2,\"name\":\"noticias\"}]},{\"@type\":\"WebSite\",\"@id\":\"https:\\\/\\\/purolatino.es\\\/cadiz\\\/#website\",\"url\":\"https:\\\/\\\/purolatino.es\\\/cadiz\\\/\",\"name\":\"Cadiz\",\"description\":\"El mayor festival de reggaeton de Espa\u00f1a en el Puerto de Santa Mar\u00eda\",\"potentialAction\":[{\"@type\":\"SearchAction\",\"target\":{\"@type\":\"EntryPoint\",\"urlTemplate\":\"https:\\\/\\\/purolatino.es\\\/cadiz\\\/?s={search_term_string}\"},\"query-input\":{\"@type\":\"PropertyValueSpecification\",\"valueRequired\":true,\"valueName\":\"search_term_string\"}}],\"inLanguage\":\"es\"}]}<\/script>\n<!-- \/ Yoast SEO plugin. -->","yoast_head_json":{"title":"noticias - Cadiz","robots":{"index":"index","follow":"follow","max-snippet":"max-snippet:-1","max-image-preview":"max-image-preview:large","max-video-preview":"max-video-preview:-1"},"canonical":"https:\/\/purolatino.es\/cadiz\/noticias\/","og_locale":"es_ES","og_type":"article","og_title":"noticias - Cadiz","og_url":"https:\/\/purolatino.es\/cadiz\/noticias\/","og_site_name":"Cadiz","article_modified_time":"2022-03-14T11:34:13+00:00","twitter_card":"summary_large_image","schema":{"@context":"https:\/\/schema.org","@graph":[{"@type":"WebPage","@id":"https:\/\/purolatino.es\/cadiz\/noticias\/","url":"https:\/\/purolatino.es\/cadiz\/noticias\/","name":"noticias - Cadiz","isPartOf":{"@id":"https:\/\/purolatino.es\/cadiz\/#website"},"datePublished":"2019-09-27T10:29:19+00:00","dateModified":"2022-03-14T11:34:13+00:00","breadcrumb":{"@id":"https:\/\/purolatino.es\/cadiz\/noticias\/#breadcrumb"},"inLanguage":"es","potentialAction":[{"@type":"ReadAction","target":["https:\/\/purolatino.es\/cadiz\/noticias\/"]}]},{"@type":"BreadcrumbList","@id":"https:\/\/purolatino.es\/cadiz\/noticias\/#breadcrumb","itemListElement":[{"@type":"ListItem","position":1,"name":"Portada","item":"https:\/\/purolatino.es\/cadiz\/"},{"@type":"ListItem","position":2,"name":"noticias"}]},{"@type":"WebSite","@id":"https:\/\/purolatino.es\/cadiz\/#website","url":"https:\/\/purolatino.es\/cadiz\/","name":"Cadiz","description":"El mayor festival de reggaeton de Espa\u00f1a en el Puerto de Santa Mar\u00eda","potentialAction":[{"@type":"SearchAction","target":{"@type":"EntryPoint","urlTemplate":"https:\/\/purolatino.es\/cadiz\/?s={search_term_string}"},"query-input":{"@type":"PropertyValueSpecification","valueRequired":true,"valueName":"search_term_string"}}],"inLanguage":"es"}]}},"jetpack_sharing_enabled":true,"_links":{"self":[{"href":"https:\/\/purolatino.es\/cadiz\/wp-json\/wp\/v2\/pages\/16","targetHints":{"allow":["GET"]}}],"collection":[{"href":"https:\/\/purolatino.es\/cadiz\/wp-json\/wp\/v2\/pages"}],"about":[{"href":"https:\/\/purolatino.es\/cadiz\/wp-json\/wp\/v2\/types\/page"}],"author":[{"embeddable":true,"href":"https:\/\/purolatino.es\/cadiz\/wp-json\/wp\/v2\/users\/1"}],"replies":[{"embeddable":true,"href":"https:\/\/purolatino.es\/cadiz\/wp-json\/wp\/v2\/comments?post=16"}],"version-history":[{"count":1,"href":"https:\/\/purolatino.es\/cadiz\/wp-json\/wp\/v2\/pages\/16\/revisions"}],"predecessor-version":[{"id":737,"href":"https:\/\/purolatino.es\/cadiz\/wp-json\/wp\/v2\/pages\/16\/revisions\/737"}],"wp:attachment":[{"href":"https:\/\/purolatino.es\/cadiz\/wp-json\/wp\/v2\/media?parent=16"}],"curies":[{"name":"wp","href":"https:\/\/api.w.org\/{rel}","templated":true}]}}